{"id":8040,"date":"2021-08-24T12:27:35","date_gmt":"2021-08-24T10:27:35","guid":{"rendered":"https:\/\/www.campingdelileverte.com\/photos-camping-st-malo\/"},"modified":"2021-12-09T13:27:38","modified_gmt":"2021-12-09T12:27:38","slug":"fotos-vom-campingplatz-und-aus-der-bretagne","status":"publish","type":"page","link":"https:\/\/www.campingdelileverte.com\/de\/fotos-vom-campingplatz-und-aus-der-bretagne\/","title":{"rendered":"Fotos vom Campingplatz und aus der Bretagne"},"content":{"rendered":"<section id=\"section-6124c9e82a4c6\"\" class=\"section img-camping fancybox-gallerie bg-white\" \/><div class=\"container extralarge\"><h1 class=\"element section-title center color4\">Fotos vom Campingplatz<\/h1><div class=\"element bloc-text center \">\n\t<p>Um in das Leben auf dem Campingplatz einzutauchen und die Umgebung zu erkunden, schauen Sie sich unsere Fotoalben an. Hier finden Sie Schnappsch\u00fcsse von den verschiedenen Freizeiteinrichtungen, der Badelandschaft, dem Hallenbad, den Sanit\u00e4ranlagen und Gemeinschaftsbereichen sowie den Terrassen und Innenr\u00e4umen unserer Unterk\u00fcnfte. Sie k\u00f6nnen sich auch einen \u00dcberblick \u00fcber unsere Anlage verschaffen, z. B. \u00fcber die gr\u00fcnen und baumbestandenen Wohnmobilstellpl\u00e4tze und die ger\u00e4umigen Parzellen der Lodge-Zelte. Vor der Buchung hilft Ihnen unsere Fotogalerie bei der Auswahl der passenden Unterkunft. Genie\u00dfen Sie es, sich unsere Bilder anzusehen, um die Wartezeit bis zum Beginn Ihres Aufenthalts zu \u00fcberbr\u00fccken! Einige Bilder wurden w\u00e4hrend der Animationen oder Veranstaltungen auf dem Campingplatz aufgenommen: Ob sympathische Wassergymnastik oder geselliger Bauernmarkt, unsere Fotos lassen Sie die Stimmung auf unserem Campingplatz erleben, w\u00e4hrend Sie auf Ihren Urlaub warten!<\/p>\n<\/div><\/div><\/section>\n\n<section id=\"section-6197a7a6e02a8\"\" class=\"section fancybox-gallerie p-t-0 bg-white\" \/><div class=\"container large\"><h2 class=\"element section-title center\">Das Schwimmbad<\/h2><div class=\"colonnes-wrap valign-top \"><div class=\"element colonne \"><div class=\"element fancybox-container\"><a class=\"fancybox\" href=\"https:\/\/www.campingdelileverte.com\/wp-content\/uploads\/2021\/11\/89D64E22-9733-4AB4-A0E6-6B18B14582B6_1_105_c-1024x683-1.jpeg\"><img decoding=\"async\" src=\"https:\/\/www.campingdelileverte.com\/wp-content\/uploads\/2021\/11\/89D64E22-9733-4AB4-A0E6-6B18B14582B6_1_105_c-1024x683-1-100x67.jpeg\" data-src=\"https:\/\/www.campingdelileverte.com\/wp-content\/uploads\/2021\/11\/89D64E22-9733-4AB4-A0E6-6B18B14582B6_1_105_c-1024x683-1.jpeg\" alt=\"camping parc aquatique cancale\" class=\"images_image\" \/><\/a><\/div><\/div><div class=\"element colonne \"><div class=\"element fancybox-container\"><a class=\"fancybox\" href=\"https:\/\/www.campingdelileverte.com\/wp-content\/uploads\/2021\/11\/4586AC40-0CCB-4995-8418-0068B6BED160_1_105_c-1024x680-1.jpeg\"><img decoding=\"async\" src=\"https:\/\/www.campingdelileverte.com\/wp-content\/uploads\/2021\/11\/4586AC40-0CCB-4995-8418-0068B6BED160_1_105_c-1024x680-1-100x66.jpeg\" data-src=\"https:\/\/www.campingdelileverte.com\/wp-content\/uploads\/2021\/11\/4586AC40-0CCB-4995-8418-0068B6BED160_1_105_c-1024x680-1.jpeg\" alt=\"camping parc aquatique saint benoit des ondes\" class=\"images_image\" \/><\/a><\/div><\/div><div class=\"element colonne \"><div class=\"element fancybox-container\"><a class=\"fancybox\" href=\"https:\/\/www.campingdelileverte.com\/wp-content\/uploads\/2021\/11\/camping-piscine.jpg\"><img decoding=\"async\" src=\"https:\/\/www.campingdelileverte.com\/wp-content\/uploads\/2021\/11\/camping-piscine-100x66.jpg\" data-src=\"https:\/\/www.campingdelileverte.com\/wp-content\/uploads\/2021\/11\/camping-piscine.jpg\" alt=\"camping piscine couverte cancale\" class=\"images_image\" \/><\/a><\/div><\/div><div class=\"element colonne \"><div class=\"element fancybox-container\"><a class=\"fancybox\" href=\"https:\/\/www.campingdelileverte.com\/wp-content\/uploads\/2021\/11\/7142AA8D-2D3B-49B8-BED3-19C24D8D7C7D_1_105_c.jpeg\"><img decoding=\"async\" src=\"https:\/\/www.campingdelileverte.com\/wp-content\/uploads\/2021\/11\/7142AA8D-2D3B-49B8-BED3-19C24D8D7C7D_1_105_c-100x75.jpeg\" data-src=\"https:\/\/www.campingdelileverte.com\/wp-content\/uploads\/2021\/11\/7142AA8D-2D3B-49B8-BED3-19C24D8D7C7D_1_105_c.jpeg\" alt=\"camping piscine couverte saint benoit des ondes\" class=\"images_image\" \/><\/a><\/div><\/div><div class=\"element colonne \"><div class=\"element fancybox-container\"><a class=\"fancybox\" href=\"https:\/\/www.campingdelileverte.com\/wp-content\/uploads\/2021\/11\/895C48C8-971E-4C65-9111-BD8D16506FE9_1_105_c.jpeg\"><img decoding=\"async\" src=\"https:\/\/www.campingdelileverte.com\/wp-content\/uploads\/2021\/11\/895C48C8-971E-4C65-9111-BD8D16506FE9_1_105_c-100x75.jpeg\" data-src=\"https:\/\/www.campingdelileverte.com\/wp-content\/uploads\/2021\/11\/895C48C8-971E-4C65-9111-BD8D16506FE9_1_105_c.jpeg\" alt=\"camping piscine aquagym saint benoit des ondes\" class=\"images_image\" \/><\/a><\/div><\/div><\/div><\/div><\/section>\n\n<section id=\"section-6197a7a6e087b\"\" class=\"section fancybox-gallerie p-t-0 bg-white\" \/><div class=\"container large\"><h2 class=\"element section-title center\">Aktivit\u00e4ten<\/h2><div class=\"colonnes-wrap valign-top \"><div class=\"element colonne \"><div class=\"element fancybox-container\"><a class=\"fancybox\" href=\"https:\/\/www.campingdelileverte.com\/wp-content\/uploads\/2021\/11\/4A5CB7AE-F84F-4AE6-A5CC-8C9FEA7039DC_1_105_c-1024x680-1.jpeg\"><img decoding=\"async\" src=\"https:\/\/www.campingdelileverte.com\/wp-content\/uploads\/2021\/11\/4A5CB7AE-F84F-4AE6-A5CC-8C9FEA7039DC_1_105_c-1024x680-1-100x66.jpeg\" data-src=\"https:\/\/www.campingdelileverte.com\/wp-content\/uploads\/2021\/11\/4A5CB7AE-F84F-4AE6-A5CC-8C9FEA7039DC_1_105_c-1024x680-1.jpeg\" alt=\"camping molkky saint benoit des ondes\" class=\"images_image\" \/><\/a><\/div><\/div><div class=\"element colonne \"><div class=\"element fancybox-container\"><a class=\"fancybox\" href=\"https:\/\/www.campingdelileverte.com\/wp-content\/uploads\/2021\/11\/C14B5BA5-13AD-473B-B595-D10C6D88C5CA_1_105_c-1024x683-1.jpeg\"><img decoding=\"async\" src=\"https:\/\/www.campingdelileverte.com\/wp-content\/uploads\/2021\/11\/C14B5BA5-13AD-473B-B595-D10C6D88C5CA_1_105_c-1024x683-1-100x67.jpeg\" data-src=\"https:\/\/www.campingdelileverte.com\/wp-content\/uploads\/2021\/11\/C14B5BA5-13AD-473B-B595-D10C6D88C5CA_1_105_c-1024x683-1.jpeg\" alt=\"camping aire de jeux saint malo\" class=\"images_image\" \/><\/a><\/div><\/div><div class=\"element colonne \"><div class=\"element fancybox-container\"><a class=\"fancybox\" href=\"https:\/\/www.campingdelileverte.com\/wp-content\/uploads\/2021\/11\/camping-cancale-09.jpg\"><img decoding=\"async\" src=\"https:\/\/www.campingdelileverte.com\/wp-content\/uploads\/2021\/11\/camping-cancale-09-100x66.jpg\" data-src=\"https:\/\/www.campingdelileverte.com\/wp-content\/uploads\/2021\/11\/camping-cancale-09.jpg\" alt=\"camping vente produits locaux cancale\" class=\"images_image\" \/><\/a><\/div><\/div><div class=\"element colonne \"><div class=\"element fancybox-container\"><a class=\"fancybox\" href=\"https:\/\/www.campingdelileverte.com\/wp-content\/uploads\/2021\/11\/4C9B7CB4-BE3A-4FDC-A92F-DE162CD13740_1_105_c-1024x683-1.jpeg\"><img decoding=\"async\" src=\"https:\/\/www.campingdelileverte.com\/wp-content\/uploads\/2021\/11\/4C9B7CB4-BE3A-4FDC-A92F-DE162CD13740_1_105_c-1024x683-1-100x67.jpeg\" data-src=\"https:\/\/www.campingdelileverte.com\/wp-content\/uploads\/2021\/11\/4C9B7CB4-BE3A-4FDC-A92F-DE162CD13740_1_105_c-1024x683-1.jpeg\" alt=\"camping aire de jeux enfants bretagne\" class=\"images_image\" \/><\/a><\/div><\/div><div class=\"element colonne \"><div class=\"element fancybox-container\"><a class=\"fancybox\" href=\"https:\/\/www.campingdelileverte.com\/wp-content\/uploads\/2021\/11\/42E8C5D0-D3D4-43D4-84BF-F8FBC73C88CC_1_105_c.jpeg\"><img decoding=\"async\" src=\"https:\/\/www.campingdelileverte.com\/wp-content\/uploads\/2021\/11\/42E8C5D0-D3D4-43D4-84BF-F8FBC73C88CC_1_105_c-100x75.jpeg\" data-src=\"https:\/\/www.campingdelileverte.com\/wp-content\/uploads\/2021\/11\/42E8C5D0-D3D4-43D4-84BF-F8FBC73C88CC_1_105_c.jpeg\" alt=\"camping randonnee velo cote d emeraude\" class=\"images_image\" \/><\/a><\/div><\/div><\/div><\/div><\/section>\n\n<section id=\"section-6197a7a6e0d6d\"\" class=\"section fancybox-gallerie p-t-0 bg-white\" \/><div class=\"container large\"><h2 class=\"element section-title center\">Die Bar\/Snack<\/h2><div class=\"colonnes-wrap valign-top \"><div class=\"element colonne \"><div class=\"element fancybox-container\"><a class=\"fancybox\" href=\"https:\/\/www.campingdelileverte.com\/wp-content\/uploads\/2021\/11\/2AE63D71-3E8E-4CDF-BFFC-F3A8FD4B8F5C_1_105_c-1024x683-1.jpeg\"><img decoding=\"async\" src=\"https:\/\/www.campingdelileverte.com\/wp-content\/uploads\/2021\/11\/2AE63D71-3E8E-4CDF-BFFC-F3A8FD4B8F5C_1_105_c-1024x683-1-100x67.jpeg\" data-src=\"https:\/\/www.campingdelileverte.com\/wp-content\/uploads\/2021\/11\/2AE63D71-3E8E-4CDF-BFFC-F3A8FD4B8F5C_1_105_c-1024x683-1.jpeg\" alt=\"camping restaurant terrasse couverte saint benoit des ondes\" class=\"images_image\" \/><\/a><\/div><\/div><div class=\"element colonne \"><div class=\"element fancybox-container\"><a class=\"fancybox\" href=\"https:\/\/www.campingdelileverte.com\/wp-content\/uploads\/2021\/11\/754DF599-8975-4759-B709-07B4C0502705_1_105_c.jpeg\"><img decoding=\"async\" src=\"https:\/\/www.campingdelileverte.com\/wp-content\/uploads\/2021\/11\/754DF599-8975-4759-B709-07B4C0502705_1_105_c-100x75.jpeg\" data-src=\"https:\/\/www.campingdelileverte.com\/wp-content\/uploads\/2021\/11\/754DF599-8975-4759-B709-07B4C0502705_1_105_c.jpeg\" alt=\"camping snack bar saint benoit des ondes\" class=\"images_image\" \/><\/a><\/div><\/div><div class=\"element colonne \"><div class=\"element fancybox-container\"><a class=\"fancybox\" href=\"https:\/\/www.campingdelileverte.com\/wp-content\/uploads\/2021\/11\/DF436FCE-8F8F-45FC-8EBB-0AB08E12E9D0_1_105_c.jpeg\"><img decoding=\"async\" src=\"https:\/\/www.campingdelileverte.com\/wp-content\/uploads\/2021\/11\/DF436FCE-8F8F-45FC-8EBB-0AB08E12E9D0_1_105_c-75x100.jpeg\" data-src=\"https:\/\/www.campingdelileverte.com\/wp-content\/uploads\/2021\/11\/DF436FCE-8F8F-45FC-8EBB-0AB08E12E9D0_1_105_c.jpeg\" alt=\"camping snack bar cancale\" class=\"images_image\" \/><\/a><\/div><\/div><div class=\"element colonne \"><\/div><div class=\"element colonne \"><\/div><\/div><\/div><\/section>\n\n<section id=\"section-6197a2ac0ad28\"\" class=\"section fancybox-gallerie p-t-0 bg-white\" \/><div class=\"container large\"><h2 class=\"element section-title center\">Unsere Vermietungen und Stellpl\u00e4tze<\/h2><div class=\"colonnes-wrap valign-top \"><div class=\"element colonne \"><div class=\"element fancybox-container\"><a class=\"fancybox\" href=\"https:\/\/www.campingdelileverte.com\/wp-content\/uploads\/2021\/11\/1F9F276E-85E1-44A0-9EB1-47F293DE18E3_1_105_c.jpeg\"><img decoding=\"async\" src=\"https:\/\/www.campingdelileverte.com\/wp-content\/uploads\/2021\/11\/1F9F276E-85E1-44A0-9EB1-47F293DE18E3_1_105_c-100x75.jpeg\" data-src=\"https:\/\/www.campingdelileverte.com\/wp-content\/uploads\/2021\/11\/1F9F276E-85E1-44A0-9EB1-47F293DE18E3_1_105_c.jpeg\" alt=\"camping location emplacement nu caravaning saint malo\" class=\"images_image\" \/><\/a><\/div><div class=\"element fancybox-container\"><a class=\"fancybox\" href=\"https:\/\/www.campingdelileverte.com\/wp-content\/uploads\/2021\/11\/2D4CF380-EF1F-46BF-9511-0602CD156FD6_1_105_c-1024x683-1.jpeg\"><img decoding=\"async\" src=\"https:\/\/www.campingdelileverte.com\/wp-content\/uploads\/2021\/11\/2D4CF380-EF1F-46BF-9511-0602CD156FD6_1_105_c-1024x683-1-100x67.jpeg\" data-src=\"https:\/\/www.campingdelileverte.com\/wp-content\/uploads\/2021\/11\/2D4CF380-EF1F-46BF-9511-0602CD156FD6_1_105_c-1024x683-1.jpeg\" alt=\"camping location emplacement tente cancale\" class=\"images_image\" \/><\/a><\/div><div class=\"element fancybox-container\"><a class=\"fancybox\" href=\"https:\/\/www.campingdelileverte.com\/wp-content\/uploads\/2021\/11\/B0552780-2967-4D1A-9A0F-902F3B7A4DF9_1_105_c-1024x683-1.jpeg\"><img decoding=\"async\" src=\"https:\/\/www.campingdelileverte.com\/wp-content\/uploads\/2021\/11\/B0552780-2967-4D1A-9A0F-902F3B7A4DF9_1_105_c-1024x683-1-100x67.jpeg\" data-src=\"https:\/\/www.campingdelileverte.com\/wp-content\/uploads\/2021\/11\/B0552780-2967-4D1A-9A0F-902F3B7A4DF9_1_105_c-1024x683-1.jpeg\" alt=\"camping location mobil home spa privatif saint malo\" class=\"images_image\" \/><\/a><\/div><\/div><div class=\"element colonne \"><div class=\"element fancybox-container\"><a class=\"fancybox\" href=\"https:\/\/www.campingdelileverte.com\/wp-content\/uploads\/2021\/11\/camping-cancale-10.jpg\"><img decoding=\"async\" src=\"https:\/\/www.campingdelileverte.com\/wp-content\/uploads\/2021\/11\/camping-cancale-10-100x66.jpg\" data-src=\"https:\/\/www.campingdelileverte.com\/wp-content\/uploads\/2021\/11\/camping-cancale-10.jpg\" alt=\"camping location mobil home saint benoit des ondes\" class=\"images_image\" \/><\/a><\/div><div class=\"element fancybox-container\"><a class=\"fancybox\" href=\"https:\/\/www.campingdelileverte.com\/wp-content\/uploads\/2021\/11\/camping-cancale-15.jpg\"><img decoding=\"async\" src=\"https:\/\/www.campingdelileverte.com\/wp-content\/uploads\/2021\/11\/camping-cancale-15-100x66.jpg\" data-src=\"https:\/\/www.campingdelileverte.com\/wp-content\/uploads\/2021\/11\/camping-cancale-15.jpg\" alt=\"camping location mobil home cote d emeraude\" class=\"images_image\" \/><\/a><\/div><\/div><div class=\"element colonne \"><div class=\"element fancybox-container\"><a class=\"fancybox\" href=\"https:\/\/www.campingdelileverte.com\/wp-content\/uploads\/2021\/11\/camping-cancale-16.jpg\"><img decoding=\"async\" src=\"https:\/\/www.campingdelileverte.com\/wp-content\/uploads\/2021\/11\/camping-cancale-16-100x66.jpg\" data-src=\"https:\/\/www.campingdelileverte.com\/wp-content\/uploads\/2021\/11\/camping-cancale-16.jpg\" alt=\"camping location tente lodge saint benoit des ondes\" class=\"images_image\" \/><\/a><\/div><div class=\"element fancybox-container\"><a class=\"fancybox\" href=\"https:\/\/www.campingdelileverte.com\/wp-content\/uploads\/2021\/11\/D5A2027B-9BFA-42EF-AC7A-F894A7F21D02_1_105_c-1024x669-1.jpeg\"><img decoding=\"async\" src=\"https:\/\/www.campingdelileverte.com\/wp-content\/uploads\/2021\/11\/D5A2027B-9BFA-42EF-AC7A-F894A7F21D02_1_105_c-1024x669-1-100x65.jpeg\" data-src=\"https:\/\/www.campingdelileverte.com\/wp-content\/uploads\/2021\/11\/D5A2027B-9BFA-42EF-AC7A-F894A7F21D02_1_105_c-1024x669-1.jpeg\" alt=\"camping location mobil home ille et vilaine\" class=\"images_image\" \/><\/a><\/div><\/div><div class=\"element colonne \"><div class=\"element fancybox-container\"><a class=\"fancybox\" href=\"https:\/\/www.campingdelileverte.com\/wp-content\/uploads\/2021\/11\/E37A283C-259A-4BF5-92B0-7526F5C60F62_1_105_c-1024x683-1.jpeg\"><img decoding=\"async\" src=\"https:\/\/www.campingdelileverte.com\/wp-content\/uploads\/2021\/11\/E37A283C-259A-4BF5-92B0-7526F5C60F62_1_105_c-1024x683-1-100x67.jpeg\" data-src=\"https:\/\/www.campingdelileverte.com\/wp-content\/uploads\/2021\/11\/E37A283C-259A-4BF5-92B0-7526F5C60F62_1_105_c-1024x683-1.jpeg\" alt=\"camping location emplacement caravaning cancale\" class=\"images_image\" \/><\/a><\/div><div class=\"element fancybox-container\"><a class=\"fancybox\" href=\"https:\/\/www.campingdelileverte.com\/wp-content\/uploads\/2021\/11\/F4D2E9EE-0E89-4CE2-B91E-9682E8CD8618_1_105_c-1024x683-1.jpeg\"><img decoding=\"async\" src=\"https:\/\/www.campingdelileverte.com\/wp-content\/uploads\/2021\/11\/F4D2E9EE-0E89-4CE2-B91E-9682E8CD8618_1_105_c-1024x683-1-100x67.jpeg\" data-src=\"https:\/\/www.campingdelileverte.com\/wp-content\/uploads\/2021\/11\/F4D2E9EE-0E89-4CE2-B91E-9682E8CD8618_1_105_c-1024x683-1.jpeg\" alt=\"camping location chalet saint malo\" class=\"images_image\" \/><\/a><\/div><\/div><div class=\"element colonne \"><div class=\"element fancybox-container\"><a class=\"fancybox\" href=\"https:\/\/www.campingdelileverte.com\/wp-content\/uploads\/2021\/11\/mobilhome-saint-malo.jpg\"><img decoding=\"async\" src=\"https:\/\/www.campingdelileverte.com\/wp-content\/uploads\/2021\/11\/mobilhome-saint-malo-100x72.jpg\" data-src=\"https:\/\/www.campingdelileverte.com\/wp-content\/uploads\/2021\/11\/mobilhome-saint-malo.jpg\" alt=\"camping location mobil home ille et vilaine\" class=\"images_image\" \/><\/a><\/div><div class=\"element fancybox-container\"><a class=\"fancybox\" href=\"https:\/\/www.campingdelileverte.com\/wp-content\/uploads\/2021\/11\/taos-saintmalo.jpg\"><img decoding=\"async\" src=\"https:\/\/www.campingdelileverte.com\/wp-content\/uploads\/2021\/11\/taos-saintmalo-100x66.jpg\" data-src=\"https:\/\/www.campingdelileverte.com\/wp-content\/uploads\/2021\/11\/taos-saintmalo.jpg\" alt=\"camping location mobil home premium saint malo\" class=\"images_image\" \/><\/a><\/div><\/div><\/div><\/div><\/section>\n\n<section id=\"section-6197a5a06a46d\"\" class=\"section fancybox-gallerie p-t-0 bg-white\" \/><div class=\"container large\"><h2 class=\"element section-title center\">Die Dienstleistungen des Campingplatzes<\/h2><div class=\"colonnes-wrap valign-top \"><div class=\"element colonne \"><div class=\"element fancybox-container\"><a class=\"fancybox\" href=\"https:\/\/www.campingdelileverte.com\/wp-content\/uploads\/2021\/11\/95496F60-ECC9-48AA-A109-BD02B20E1DEC_1_105_c-1024x680-1.jpeg\"><img decoding=\"async\" src=\"https:\/\/www.campingdelileverte.com\/wp-content\/uploads\/2021\/11\/95496F60-ECC9-48AA-A109-BD02B20E1DEC_1_105_c-1024x680-1-100x66.jpeg\" data-src=\"https:\/\/www.campingdelileverte.com\/wp-content\/uploads\/2021\/11\/95496F60-ECC9-48AA-A109-BD02B20E1DEC_1_105_c-1024x680-1.jpeg\" alt=\"camping sanitaires saint malo\" class=\"images_image\" \/><\/a><\/div><\/div><div class=\"element colonne \"><div class=\"element fancybox-container\"><a class=\"fancybox\" href=\"https:\/\/www.campingdelileverte.com\/wp-content\/uploads\/2021\/11\/A219089B-7D6A-411F-9E7B-7631AD18CD1C_1_105_c-1024x680-1.jpeg\"><img decoding=\"async\" src=\"https:\/\/www.campingdelileverte.com\/wp-content\/uploads\/2021\/11\/A219089B-7D6A-411F-9E7B-7631AD18CD1C_1_105_c-1024x680-1-100x66.jpeg\" data-src=\"https:\/\/www.campingdelileverte.com\/wp-content\/uploads\/2021\/11\/A219089B-7D6A-411F-9E7B-7631AD18CD1C_1_105_c-1024x680-1.jpeg\" alt=\"camping familial ille et vilaine\" class=\"images_image\" \/><\/a><\/div><\/div><div class=\"element colonne \"><div class=\"element fancybox-container\"><a class=\"fancybox\" href=\"https:\/\/www.campingdelileverte.com\/wp-content\/uploads\/2021\/11\/camping-bretagne.jpg\"><img decoding=\"async\" src=\"https:\/\/www.campingdelileverte.com\/wp-content\/uploads\/2021\/11\/camping-bretagne-100x81.jpg\" data-src=\"https:\/\/www.campingdelileverte.com\/wp-content\/uploads\/2021\/11\/camping-bretagne.jpg\" alt=\"camping sanitaires cancale\" class=\"images_image\" \/><\/a><\/div><\/div><div class=\"element colonne \"><div class=\"element fancybox-container\"><a class=\"fancybox\" href=\"https:\/\/www.campingdelileverte.com\/wp-content\/uploads\/2021\/11\/EF00A131-A879-4606-AA2D-9BC66F21756C_1_105_c-1024x683-1.jpeg\"><img decoding=\"async\" src=\"https:\/\/www.campingdelileverte.com\/wp-content\/uploads\/2021\/11\/EF00A131-A879-4606-AA2D-9BC66F21756C_1_105_c-1024x683-1-100x67.jpeg\" data-src=\"https:\/\/www.campingdelileverte.com\/wp-content\/uploads\/2021\/11\/EF00A131-A879-4606-AA2D-9BC66F21756C_1_105_c-1024x683-1.jpeg\" alt=\"camping barbecue collectif ille et vilaine\" class=\"images_image\" \/><\/a><\/div><\/div><div class=\"element colonne \"><div class=\"element fancybox-container\"><a class=\"fancybox\" href=\"https:\/\/www.campingdelileverte.com\/wp-content\/uploads\/2021\/11\/emplacement-camping-cancale.jpg\"><img decoding=\"async\" src=\"https:\/\/www.campingdelileverte.com\/wp-content\/uploads\/2021\/11\/emplacement-camping-cancale-100x81.jpg\" data-src=\"https:\/\/www.campingdelileverte.com\/wp-content\/uploads\/2021\/11\/emplacement-camping-cancale.jpg\" alt=\"camping sanitaires saint malo\" class=\"images_image\" \/><\/a><\/div><\/div><\/div><\/div><\/section>","protected":false},"excerpt":{"rendered":"","protected":false},"author":1,"featured_media":0,"parent":0,"menu_order":0,"comment_status":"closed","ping_status":"closed","template":"","meta":{"_acf_changed":false,"footnotes":""},"class_list":["post-8040","page","type-page","status-publish","hentry"],"acf":[],"yoast_head":"<!-- This site is optimized with the Yoast SEO plugin v25.3 - https:\/\/yoast.com\/wordpress\/plugins\/seo\/ -->\n<title>Fotos vom Campingplatz und aus der Bretagne - Camping Ile Verte<\/title>\n<meta name=\"robots\" content=\"index, follow, max-snippet:-1, max-image-preview:large, max-video-preview:-1\" \/>\n<link rel=\"canonical\" href=\"https:\/\/www.campingdelileverte.com\/de\/fotos-vom-campingplatz-und-aus-der-bretagne\/\" \/>\n<meta property=\"og:locale\" content=\"de_DE\" \/>\n<meta property=\"og:type\" content=\"article\" \/>\n<meta property=\"og:title\" content=\"Fotos vom Campingplatz und aus der Bretagne - Camping Ile Verte\" \/>\n<meta property=\"og:url\" content=\"https:\/\/www.campingdelileverte.com\/de\/fotos-vom-campingplatz-und-aus-der-bretagne\/\" \/>\n<meta property=\"og:site_name\" content=\"Camping Ile Verte\" \/>\n<meta property=\"article:modified_time\" content=\"2021-12-09T12:27:38+00:00\" \/>\n<meta name=\"twitter:card\" content=\"summary_large_image\" \/>\n<script type=\"application\/ld+json\" class=\"yoast-schema-graph\">{\"@context\":\"https:\/\/schema.org\",\"@graph\":[{\"@type\":\"WebPage\",\"@id\":\"https:\/\/www.campingdelileverte.com\/de\/fotos-vom-campingplatz-und-aus-der-bretagne\/\",\"url\":\"https:\/\/www.campingdelileverte.com\/de\/fotos-vom-campingplatz-und-aus-der-bretagne\/\",\"name\":\"Fotos vom Campingplatz und aus der Bretagne - Camping Ile Verte\",\"isPartOf\":{\"@id\":\"https:\/\/www.campingdelileverte.com\/de\/#website\"},\"datePublished\":\"2021-08-24T10:27:35+00:00\",\"dateModified\":\"2021-12-09T12:27:38+00:00\",\"breadcrumb\":{\"@id\":\"https:\/\/www.campingdelileverte.com\/de\/fotos-vom-campingplatz-und-aus-der-bretagne\/#breadcrumb\"},\"inLanguage\":\"de\",\"potentialAction\":[{\"@type\":\"ReadAction\",\"target\":[\"https:\/\/www.campingdelileverte.com\/de\/fotos-vom-campingplatz-und-aus-der-bretagne\/\"]}]},{\"@type\":\"BreadcrumbList\",\"@id\":\"https:\/\/www.campingdelileverte.com\/de\/fotos-vom-campingplatz-und-aus-der-bretagne\/#breadcrumb\",\"itemListElement\":[{\"@type\":\"ListItem\",\"position\":1,\"name\":\"Camping Saint Malo\",\"item\":\"https:\/\/www.campingdelileverte.com\/de\/\"},{\"@type\":\"ListItem\",\"position\":2,\"name\":\"Fotos vom Campingplatz und aus der Bretagne\"}]},{\"@type\":\"WebSite\",\"@id\":\"https:\/\/www.campingdelileverte.com\/de\/#website\",\"url\":\"https:\/\/www.campingdelileverte.com\/de\/\",\"name\":\"Camping Ile Verte\",\"description\":\"\",\"publisher\":{\"@id\":\"https:\/\/www.campingdelileverte.com\/de\/#organization\"},\"potentialAction\":[{\"@type\":\"SearchAction\",\"target\":{\"@type\":\"EntryPoint\",\"urlTemplate\":\"https:\/\/www.campingdelileverte.com\/de\/?s={search_term_string}\"},\"query-input\":{\"@type\":\"PropertyValueSpecification\",\"valueRequired\":true,\"valueName\":\"search_term_string\"}}],\"inLanguage\":\"de\"},{\"@type\":\"Organization\",\"@id\":\"https:\/\/www.campingdelileverte.com\/de\/#organization\",\"name\":\"Camping Ile Verte\",\"url\":\"https:\/\/www.campingdelileverte.com\/de\/\",\"logo\":{\"@type\":\"ImageObject\",\"inLanguage\":\"de\",\"@id\":\"https:\/\/www.campingdelileverte.com\/de\/#\/schema\/logo\/image\/\",\"url\":\"https:\/\/www.campingdelileverte.com\/wp-content\/uploads\/2021\/08\/camping-saint-malo.png\",\"contentUrl\":\"https:\/\/www.campingdelileverte.com\/wp-content\/uploads\/2021\/08\/camping-saint-malo.png\",\"width\":370,\"height\":264,\"caption\":\"Camping Ile Verte\"},\"image\":{\"@id\":\"https:\/\/www.campingdelileverte.com\/de\/#\/schema\/logo\/image\/\"}}]}<\/script>\n<!-- \/ Yoast SEO plugin. -->","yoast_head_json":{"title":"Fotos vom Campingplatz und aus der Bretagne - Camping Ile Verte","robots":{"index":"index","follow":"follow","max-snippet":"max-snippet:-1","max-image-preview":"max-image-preview:large","max-video-preview":"max-video-preview:-1"},"canonical":"https:\/\/www.campingdelileverte.com\/de\/fotos-vom-campingplatz-und-aus-der-bretagne\/","og_locale":"de_DE","og_type":"article","og_title":"Fotos vom Campingplatz und aus der Bretagne - Camping Ile Verte","og_url":"https:\/\/www.campingdelileverte.com\/de\/fotos-vom-campingplatz-und-aus-der-bretagne\/","og_site_name":"Camping Ile Verte","article_modified_time":"2021-12-09T12:27:38+00:00","twitter_card":"summary_large_image","schema":{"@context":"https:\/\/schema.org","@graph":[{"@type":"WebPage","@id":"https:\/\/www.campingdelileverte.com\/de\/fotos-vom-campingplatz-und-aus-der-bretagne\/","url":"https:\/\/www.campingdelileverte.com\/de\/fotos-vom-campingplatz-und-aus-der-bretagne\/","name":"Fotos vom Campingplatz und aus der Bretagne - Camping Ile Verte","isPartOf":{"@id":"https:\/\/www.campingdelileverte.com\/de\/#website"},"datePublished":"2021-08-24T10:27:35+00:00","dateModified":"2021-12-09T12:27:38+00:00","breadcrumb":{"@id":"https:\/\/www.campingdelileverte.com\/de\/fotos-vom-campingplatz-und-aus-der-bretagne\/#breadcrumb"},"inLanguage":"de","potentialAction":[{"@type":"ReadAction","target":["https:\/\/www.campingdelileverte.com\/de\/fotos-vom-campingplatz-und-aus-der-bretagne\/"]}]},{"@type":"BreadcrumbList","@id":"https:\/\/www.campingdelileverte.com\/de\/fotos-vom-campingplatz-und-aus-der-bretagne\/#breadcrumb","itemListElement":[{"@type":"ListItem","position":1,"name":"Camping Saint Malo","item":"https:\/\/www.campingdelileverte.com\/de\/"},{"@type":"ListItem","position":2,"name":"Fotos vom Campingplatz und aus der Bretagne"}]},{"@type":"WebSite","@id":"https:\/\/www.campingdelileverte.com\/de\/#website","url":"https:\/\/www.campingdelileverte.com\/de\/","name":"Camping Ile Verte","description":"","publisher":{"@id":"https:\/\/www.campingdelileverte.com\/de\/#organization"},"potentialAction":[{"@type":"SearchAction","target":{"@type":"EntryPoint","urlTemplate":"https:\/\/www.campingdelileverte.com\/de\/?s={search_term_string}"},"query-input":{"@type":"PropertyValueSpecification","valueRequired":true,"valueName":"search_term_string"}}],"inLanguage":"de"},{"@type":"Organization","@id":"https:\/\/www.campingdelileverte.com\/de\/#organization","name":"Camping Ile Verte","url":"https:\/\/www.campingdelileverte.com\/de\/","logo":{"@type":"ImageObject","inLanguage":"de","@id":"https:\/\/www.campingdelileverte.com\/de\/#\/schema\/logo\/image\/","url":"https:\/\/www.campingdelileverte.com\/wp-content\/uploads\/2021\/08\/camping-saint-malo.png","contentUrl":"https:\/\/www.campingdelileverte.com\/wp-content\/uploads\/2021\/08\/camping-saint-malo.png","width":370,"height":264,"caption":"Camping Ile Verte"},"image":{"@id":"https:\/\/www.campingdelileverte.com\/de\/#\/schema\/logo\/image\/"}}]}},"_links":{"self":[{"href":"https:\/\/www.campingdelileverte.com\/de\/wp-json\/wp\/v2\/pages\/8040","targetHints":{"allow":["GET"]}}],"collection":[{"href":"https:\/\/www.campingdelileverte.com\/de\/wp-json\/wp\/v2\/pages"}],"about":[{"href":"https:\/\/www.campingdelileverte.com\/de\/wp-json\/wp\/v2\/types\/page"}],"author":[{"embeddable":true,"href":"https:\/\/www.campingdelileverte.com\/de\/wp-json\/wp\/v2\/users\/1"}],"replies":[{"embeddable":true,"href":"https:\/\/www.campingdelileverte.com\/de\/wp-json\/wp\/v2\/comments?post=8040"}],"version-history":[{"count":2,"href":"https:\/\/www.campingdelileverte.com\/de\/wp-json\/wp\/v2\/pages\/8040\/revisions"}],"predecessor-version":[{"id":8230,"href":"https:\/\/www.campingdelileverte.com\/de\/wp-json\/wp\/v2\/pages\/8040\/revisions\/8230"}],"wp:attachment":[{"href":"https:\/\/www.campingdelileverte.com\/de\/wp-json\/wp\/v2\/media?parent=8040"}],"curies":[{"name":"wp","href":"https:\/\/api.w.org\/{rel}","templated":true}]}}