{"id":8300,"date":"2021-08-12T14:49:29","date_gmt":"2021-08-12T12:49:29","guid":{"rendered":"https:\/\/www.campingdelileverte.com\/vermietung-mobilheim-saint-malo\/locations-mobil-homes-avec-spa-saint-malo\/"},"modified":"2021-12-16T11:37:53","modified_gmt":"2021-12-16T10:37:53","slug":"mobilheime-mit-whirlpool","status":"publish","type":"page","link":"https:\/\/www.campingdelileverte.com\/de\/vermietung-mobilheim-saint-malo\/mobilheime-mit-whirlpool\/","title":{"rendered":"Les Locations : Mobil home avec spa"},"content":{"rendered":"<section id=\"section-615318dab101a\"\" class=\"section bg-white\" \/><div class=\"container\"><h1 class=\"element section-title center color4\">Mobilheime mit Whirlpool<\/h1><\/div><\/section>\n\n<section id=\"section-614c40242244c\"\" class=\"section bg-white\" \/><div class=\"container extralarge\"><div class=\"filtres\"><div class=\"button-group\" data-filter-group=\".nombre-de-chambres\"><div class=\"button-group-title\">Nombre de chambres<\/div><button data-filter=\"\" class=\"button active group-all\">Tous<\/button><button data-filter=\".nombre-de-chambres-2\" class=\"button\">2 <\/button><button data-filter=\".nombre-de-chambres-3\" class=\"button\">3 <\/button><\/div><div class=\"button-group\" data-filter-group=\".nombre-de-personnes\"><div class=\"button-group-title\">Nombre de personnes<\/div><button data-filter=\"\" class=\"button active group-all\">Tous<\/button><button data-filter=\".nombre-de-personnes-4\" class=\"button\">4 <\/button><button data-filter=\".nombre-de-personnes-6\" class=\"button\">6 <\/button><\/div><\/div><ul class=\"liste-de-page hebergements\"><div class=\"row\"><li class=\"element hebergement call-to-action call-to-action--style-2  nombre-de-chambres-3 nombre-de-personnes-6 superficie-38\"><div class=\"hebergement_link\" id=\"7792\"><div class=\"call-to-action_image\"><img decoding=\"async\" src=\"https:\/\/www.campingdelileverte.com\/wp-content\/uploads\/2021\/08\/Design-sans-titre.png\" data-src=\"https:\/\/www.campingdelileverte.com\/wp-content\/uploads\/2021\/08\/Design-sans-titre.png\" alt=\"\" class=\"\" \/><\/div><div class=\"call-to-action_contenu\"><div class=\"call-to-action_titre\">Residenz KEY WEST 3 ch 2 sdb<\/div><\/div><div class=\"hebergement-attributs\"><span class=\"attribut nombre-de-chambres\">3 <\/span><span class=\"attribut nombre-de-personnes\">6 <\/span><span class=\"attribut superficie\">38m\u00b2<\/span><\/div><\/div><\/li><li class=\"element hebergement call-to-action call-to-action--style-2  nombre-de-chambres-2 nombre-de-personnes-4 superficie-35\"><div class=\"hebergement_link\" id=\"7799\"><div class=\"call-to-action_image\"><img decoding=\"async\" src=\"https:\/\/www.campingdelileverte.com\/wp-content\/uploads\/2021\/08\/taos.png\" data-src=\"https:\/\/www.campingdelileverte.com\/wp-content\/uploads\/2021\/08\/taos.png\" alt=\"\" class=\"\" \/><\/div><div class=\"call-to-action_contenu\"><div class=\"call-to-action_titre\">Residenz TAOS Prestige 2 ch 2 sdb<\/div><\/div><div class=\"hebergement-attributs\"><span class=\"attribut nombre-de-chambres\">2 <\/span><span class=\"attribut nombre-de-personnes\">4 <\/span><span class=\"attribut superficie\">35m\u00b2<\/span><\/div><\/div><\/li><li class=\"element hebergement call-to-action call-to-action--style-2  nombre-de-chambres-3 nombre-de-personnes-6 superficie-38\"><div class=\"hebergement_link\" id=\"7813\"><div class=\"call-to-action_image\"><img decoding=\"async\" src=\"https:\/\/www.campingdelileverte.com\/wp-content\/uploads\/2021\/08\/camping-mont-saint-michel-location-mobil-home-taos-3-chambres-2-salles-de-bain-terrasse-couverte-1.jpg\" data-src=\"https:\/\/www.campingdelileverte.com\/wp-content\/uploads\/2021\/08\/camping-mont-saint-michel-location-mobil-home-taos-3-chambres-2-salles-de-bain-terrasse-couverte-1.jpg\" alt=\"camping-mont-saint-michel-location-mobil-home-taos-3-chambres-2-salles-de bain terrasse couverte\" class=\"\" \/><\/div><div class=\"call-to-action_contenu\"><div class=\"call-to-action_titre\">Residenz TAOS Prestige 3 ch 2 sdb<\/div><\/div><div class=\"hebergement-attributs\"><span class=\"attribut nombre-de-chambres\">3 <\/span><span class=\"attribut nombre-de-personnes\">6 <\/span><span class=\"attribut superficie\">38m\u00b2<\/span><\/div><\/div><\/li><\/div><\/ul><\/div><\/section>\n\n<section id=\"section-615318dab13ee\"\" class=\"section bg-white\" \/><div class=\"container full\"><div class=\"colonnes-wrap valign-top \"><div class=\"element colonne \"><h2 class=\"element section-title left color2\">Vorstellung unserer Mobilheime mit Whirlpool<\/h2><div class=\"element bloc-text left \">\n\t<p>Verbringen Sie einen unvergesslichen Urlaub auf dem <a href=\"\/de\/\">4-Sterne-Campingplatz l&#8217;ile Verte<\/a> dank unserer Auswahl an Residenzen mit <strong class=\"bold color2\">privatem Spa<\/strong>. Diese Mobilheime der neuen Generation mit modernem Design bieten Ihnen Platz und Komfort.<br \/>\nIn der 2-Zimmer-Version bieten die Residenzen Taos Platz f\u00fcr bis zu 4 Personen. Bestehend aus einer <strong class=\"bold color2\">Elternsuite<\/strong> mit einem Bett von 160&#215;200 und einem Badezimmer und separatem WC, einem zweiten Zimmer mit 2 Betten nebeneinander, ebenfalls mit einem Badezimmer und WC, ist dies die ideale Unterkunft f\u00fcr einen Aufenthalt von 2 Paaren.<\/p>\n<p>Die Residenzen Taos 3 Schlafzimmer und Key West 3 Schlafzimmer eignen sich f\u00fcr gro\u00dfe Familien und verf\u00fcgen \u00fcber 6 Schlafpl\u00e4tze.<br \/>\nEine Mastersuite mit einem Bett von 160&#215;200, Badezimmer (Dusche, Waschbecken) und separatem WC.<br \/>\nEin Zimmer mit 2 Betten 80&#215;190 nebeneinander und ein Zimmer mit Etagenbett 80&#215;190: Diese beiden Zimmer verf\u00fcgen \u00fcber ein zweites Badezimmer mit Dusche, Waschbecken und WC.<\/p>\n<p>Der Wohnraum verf\u00fcgt \u00fcber eine Sitzecke mit Fernseher und eine K\u00fcche mit K\u00fchl-\/Gefrierschrank, Geschirrsp\u00fcler, Kochfeld mit 4 Kochstellen, Mikrowelle, Kaffeemaschine, Wasserkocher, Toaster und Grill. Mit 35 m\u00b2 und 38 m\u00b2 werden Sie unsere Prestige-Residenzen durch den Platz und die <strong class=\"bold color2\">zahlreichen Ablagem\u00f6glichkeiten<\/strong> begeistern.<br \/>\nAuf der gro\u00dfen Terrasse k\u00f6nnen Sie die Gartenm\u00f6bel und die Liegest\u00fchle zum Faulenzen nutzen, vor allem aber den privaten Whirlpool f\u00fcr 4 Personen, in dem Sie sich nach Ihren Tagesausfl\u00fcgen an der Smaragdk\u00fcste entspannen k\u00f6nnen. Ein Parkplatz f\u00fcr ein Fahrzeug ist in der N\u00e4he der Unterkunft vorgesehen.<\/p>\n<\/div><\/div><div class=\"element colonne \"><h2 class=\"element section-title left color2\">Leitfaden f\u00fcr die richtige Nutzung des Spas<\/h2><h3 class=\"element section-title left color3\">NUTZUNG<\/h3><div class=\"element bloc-text left \">\n\t<ul>\n<li> Ob Ihnen der Whirlpool bei Ihrer Ankunft zur Verf\u00fcgung steht, h\u00e4ngt von der Wasseraufbereitung und der Zeit ab, die es braucht, um das Wasser zu erw\u00e4rmen. Wenn zwischen zwei Vermietungen ein Wasserwechsel erforderlich ist, k\u00f6nnen wir nicht garantieren, dass das Wasser bei Ihrer Ankunft warm ist.<\/li>\n<li>Sie k\u00f6nnen den Whirlpool erst benutzen, nachdem Sie die Gebrauchsanweisung mit dem Techniker besprochen haben.<\/li>\n<li> Bei Nichtbeachtung dieser haften Sie.<\/li>\n<li> Es ist strengstens verboten, zu springen oder ein Verhalten an den Tag zu legen, das den reibungslosen Betrieb der Ihnen zur Verf\u00fcgung gestellten Ger\u00e4te beeintr\u00e4chtigen k\u00f6nnte.<\/li>\n<li>Um eine angenehme Temperatur zu erhalten, ist es wichtig, den Whirlpool nach jeder Benutzung zu verschlie\u00dfen.<\/li>\n<\/ul>\n<\/div><h3 class=\"element section-title left color3\">Hygiene<\/h3><div class=\"element bloc-text left \">\n\t<ul>\n<li> Wasser ist eine empfindliche Umgebung, die, um eine gute Qualit\u00e4t zu gew\u00e4hrleisten, eine strenge Hygiene erfordert. Das Einseifen des K\u00f6rpers und der Haare vor jeder Benutzung ist daher vor jedem Bad obligatorisch.<\/li>\n<li> Sonnen- oder Selbstbr\u00e4unungscremes sind vor der Benutzung des Spas verboten.<\/li>\n<li> Die technische Abteilung erlaubt sich, die Whirlpools zu entleeren, wenn die Wasserqualit\u00e4t durch nachl\u00e4ssige Benutzung beeintr\u00e4chtigt wird.<\/li>\n<\/ul>\n<\/div><h3 class=\"element section-title left color3\">Sicherheit<\/h3><div class=\"element bloc-text left \">\n\t<ul>\n<li>F\u00fcr Kinder unter 7 Jahren verboten.<\/li>\n<li>Minderj\u00e4hrigen ist es nicht gestattet, die Funktionen des Spas zu aktivieren; die Nutzung durch Minderj\u00e4hrige unterliegt der Verantwortung der anwesenden Erwachsenen.<\/li>\n<\/ul>\n<\/div><\/div><\/div><\/div><\/section>\n\n<section id=\"section-615318dab16fd\"\" class=\"section bg-white\" \/><div class=\"container extralarge\"><div class=\"element section-title center titre-cta\">Entdecken Sie unsere Unterk\u00fcnfte<\/div><ul class=\"liste-de-page\"><li class=\"element call-to-action carre call-to-action--style-1 call-to-action--big\"><a href=\"https:\/\/www.campingdelileverte.com\/de\/die-stellplatze\/\"  class=\"call-to-action_link\" title=\"En savoir plus sur die standorte\"><div class=\"call-to-action_image\"><img decoding=\"async\" src=\"https:\/\/www.campingdelileverte.com\/wp-content\/uploads\/2021\/10\/camping-location-emplacement-caravaning-saint-malo-100x37.jpg\" data-src=\"https:\/\/www.campingdelileverte.com\/wp-content\/uploads\/2021\/10\/camping-location-emplacement-caravaning-saint-malo.jpg\" alt=\"camping location emplacement caravaning saint malo\" class=\"big\" \/><\/div><div class=\"call-to-action_contenu\"><div class=\"call-to-action_titre\">Die Standorte<\/div><\/div><\/a><\/li><li class=\"element call-to-action carre call-to-action--style-1 call-to-action--big call-to-action--style-1 call-to-action--big\"><a href=\"https:\/\/www.campingdelileverte.com\/de\/tarife-und-reservierung\/\"  class=\"call-to-action_link\" title=\"En savoir plus sur tarife und reservierung\"><div class=\"call-to-action_image\"><img decoding=\"async\" src=\"https:\/\/www.campingdelileverte.com\/wp-content\/uploads\/2021\/11\/camping-pas-cher-saint-benoit-des-ondes-100x37.jpg\" data-src=\"https:\/\/www.campingdelileverte.com\/wp-content\/uploads\/2021\/11\/camping-pas-cher-saint-benoit-des-ondes.jpg\" alt=\"camping pas cher saint benoit des ondes\" class=\"big\" \/><\/div><div class=\"call-to-action_contenu\"><div class=\"call-to-action_titre\">Tarife und Reservierung<\/div><\/div><\/a><\/li><li class=\"element call-to-action carre call-to-action--style-1 call-to-action--big call-to-action--style-1 call-to-action--big call-to-action--style-1 call-to-action--big\"><a href=\"https:\/\/www.campingdelileverte.com\/de\/vermietung-mobilheim-saint-malo\/\"  class=\"call-to-action_link\" title=\"En savoir plus sur mobilheim\"><div class=\"call-to-action_image\"><img decoding=\"async\" src=\"https:\/\/www.campingdelileverte.com\/wp-content\/uploads\/2021\/11\/camping-location-mobil-home-spa-privatif-saint-benoit-des-ondes-100x37.jpg\" data-src=\"https:\/\/www.campingdelileverte.com\/wp-content\/uploads\/2021\/11\/camping-location-mobil-home-spa-privatif-saint-benoit-des-ondes.jpg\" alt=\"camping-location-mobil-home spa privatif saint benoit des ondes\" class=\"big\" \/><\/div><div class=\"call-to-action_contenu\"><div class=\"call-to-action_titre\">Mobilheim<\/div><\/div><\/a><\/li><\/ul><\/div><\/section>","protected":false},"excerpt":{"rendered":"","protected":false},"author":1,"featured_media":8301,"parent":8283,"menu_order":0,"comment_status":"closed","ping_status":"closed","template":"","meta":{"_acf_changed":false,"footnotes":""},"class_list":["post-8300","page","type-page","status-publish","has-post-thumbnail","hentry"],"acf":[],"yoast_head":"<!-- This site is optimized with the Yoast SEO plugin v25.3 - https:\/\/yoast.com\/wordpress\/plugins\/seo\/ -->\n<title>Vermietung eines Mobilheims mit privatem Spa in Saint Malo | Luxus-Mobilheim<\/title>\n<meta name=\"robots\" content=\"index, follow, max-snippet:-1, max-image-preview:large, max-video-preview:-1\" \/>\n<link rel=\"canonical\" href=\"https:\/\/www.campingdelileverte.com\/de\/vermietung-mobilheim-saint-malo\/mobilheime-mit-whirlpool\/\" \/>\n<meta property=\"og:locale\" content=\"de_DE\" \/>\n<meta property=\"og:type\" content=\"article\" \/>\n<meta property=\"og:title\" content=\"Vermietung eines Mobilheims mit privatem Spa in Saint Malo | Luxus-Mobilheim\" \/>\n<meta property=\"og:url\" content=\"https:\/\/www.campingdelileverte.com\/de\/vermietung-mobilheim-saint-malo\/mobilheime-mit-whirlpool\/\" \/>\n<meta property=\"og:site_name\" content=\"Camping Ile Verte\" \/>\n<meta property=\"article:modified_time\" content=\"2021-12-16T10:37:53+00:00\" \/>\n<meta property=\"og:image\" content=\"https:\/\/www.campingdelileverte.com\/wp-content\/uploads\/2021\/10\/camping-location-mobil-home-spa-saint-malo.jpg\" \/>\n\t<meta property=\"og:image:width\" content=\"1900\" \/>\n\t<meta property=\"og:image:height\" content=\"700\" \/>\n\t<meta property=\"og:image:type\" content=\"image\/jpeg\" \/>\n<meta name=\"twitter:card\" content=\"summary_large_image\" \/>\n<script type=\"application\/ld+json\" class=\"yoast-schema-graph\">{\"@context\":\"https:\/\/schema.org\",\"@graph\":[{\"@type\":\"WebPage\",\"@id\":\"https:\/\/www.campingdelileverte.com\/de\/vermietung-mobilheim-saint-malo\/mobilheime-mit-whirlpool\/\",\"url\":\"https:\/\/www.campingdelileverte.com\/de\/vermietung-mobilheim-saint-malo\/mobilheime-mit-whirlpool\/\",\"name\":\"Vermietung eines Mobilheims mit privatem Spa in Saint Malo | Luxus-Mobilheim\",\"isPartOf\":{\"@id\":\"https:\/\/www.campingdelileverte.com\/de\/#website\"},\"primaryImageOfPage\":{\"@id\":\"https:\/\/www.campingdelileverte.com\/de\/vermietung-mobilheim-saint-malo\/mobilheime-mit-whirlpool\/#primaryimage\"},\"image\":{\"@id\":\"https:\/\/www.campingdelileverte.com\/de\/vermietung-mobilheim-saint-malo\/mobilheime-mit-whirlpool\/#primaryimage\"},\"thumbnailUrl\":\"https:\/\/www.campingdelileverte.com\/wp-content\/uploads\/2021\/10\/camping-location-mobil-home-spa-saint-malo.jpg\",\"datePublished\":\"2021-08-12T12:49:29+00:00\",\"dateModified\":\"2021-12-16T10:37:53+00:00\",\"breadcrumb\":{\"@id\":\"https:\/\/www.campingdelileverte.com\/de\/vermietung-mobilheim-saint-malo\/mobilheime-mit-whirlpool\/#breadcrumb\"},\"inLanguage\":\"de\",\"potentialAction\":[{\"@type\":\"ReadAction\",\"target\":[\"https:\/\/www.campingdelileverte.com\/de\/vermietung-mobilheim-saint-malo\/mobilheime-mit-whirlpool\/\"]}]},{\"@type\":\"ImageObject\",\"inLanguage\":\"de\",\"@id\":\"https:\/\/www.campingdelileverte.com\/de\/vermietung-mobilheim-saint-malo\/mobilheime-mit-whirlpool\/#primaryimage\",\"url\":\"https:\/\/www.campingdelileverte.com\/wp-content\/uploads\/2021\/10\/camping-location-mobil-home-spa-saint-malo.jpg\",\"contentUrl\":\"https:\/\/www.campingdelileverte.com\/wp-content\/uploads\/2021\/10\/camping-location-mobil-home-spa-saint-malo.jpg\",\"width\":1900,\"height\":700,\"caption\":\"camping location mobil home spa saint malo\"},{\"@type\":\"BreadcrumbList\",\"@id\":\"https:\/\/www.campingdelileverte.com\/de\/vermietung-mobilheim-saint-malo\/mobilheime-mit-whirlpool\/#breadcrumb\",\"itemListElement\":[{\"@type\":\"ListItem\",\"position\":1,\"name\":\"Camping Saint Malo\",\"item\":\"https:\/\/www.campingdelileverte.com\/de\/\"},{\"@type\":\"ListItem\",\"position\":2,\"name\":\"Standort Mobilheim Saint Malo\",\"item\":\"https:\/\/www.campingdelileverte.com\/de\/vermietung-mobilheim-saint-malo\/\"},{\"@type\":\"ListItem\",\"position\":3,\"name\":\"Mobilheimvermietung mit Spa Saint-Malo\"}]},{\"@type\":\"WebSite\",\"@id\":\"https:\/\/www.campingdelileverte.com\/de\/#website\",\"url\":\"https:\/\/www.campingdelileverte.com\/de\/\",\"name\":\"Camping Ile Verte\",\"description\":\"\",\"publisher\":{\"@id\":\"https:\/\/www.campingdelileverte.com\/de\/#organization\"},\"potentialAction\":[{\"@type\":\"SearchAction\",\"target\":{\"@type\":\"EntryPoint\",\"urlTemplate\":\"https:\/\/www.campingdelileverte.com\/de\/?s={search_term_string}\"},\"query-input\":{\"@type\":\"PropertyValueSpecification\",\"valueRequired\":true,\"valueName\":\"search_term_string\"}}],\"inLanguage\":\"de\"},{\"@type\":\"Organization\",\"@id\":\"https:\/\/www.campingdelileverte.com\/de\/#organization\",\"name\":\"Camping Ile Verte\",\"url\":\"https:\/\/www.campingdelileverte.com\/de\/\",\"logo\":{\"@type\":\"ImageObject\",\"inLanguage\":\"de\",\"@id\":\"https:\/\/www.campingdelileverte.com\/de\/#\/schema\/logo\/image\/\",\"url\":\"https:\/\/www.campingdelileverte.com\/wp-content\/uploads\/2021\/08\/camping-saint-malo.png\",\"contentUrl\":\"https:\/\/www.campingdelileverte.com\/wp-content\/uploads\/2021\/08\/camping-saint-malo.png\",\"width\":370,\"height\":264,\"caption\":\"Camping Ile Verte\"},\"image\":{\"@id\":\"https:\/\/www.campingdelileverte.com\/de\/#\/schema\/logo\/image\/\"}}]}<\/script>\n<!-- \/ Yoast SEO plugin. -->","yoast_head_json":{"title":"Vermietung eines Mobilheims mit privatem Spa in Saint Malo | Luxus-Mobilheim","robots":{"index":"index","follow":"follow","max-snippet":"max-snippet:-1","max-image-preview":"max-image-preview:large","max-video-preview":"max-video-preview:-1"},"canonical":"https:\/\/www.campingdelileverte.com\/de\/vermietung-mobilheim-saint-malo\/mobilheime-mit-whirlpool\/","og_locale":"de_DE","og_type":"article","og_title":"Vermietung eines Mobilheims mit privatem Spa in Saint Malo | Luxus-Mobilheim","og_url":"https:\/\/www.campingdelileverte.com\/de\/vermietung-mobilheim-saint-malo\/mobilheime-mit-whirlpool\/","og_site_name":"Camping Ile Verte","article_modified_time":"2021-12-16T10:37:53+00:00","og_image":[{"width":1900,"height":700,"url":"https:\/\/www.campingdelileverte.com\/wp-content\/uploads\/2021\/10\/camping-location-mobil-home-spa-saint-malo.jpg","type":"image\/jpeg"}],"twitter_card":"summary_large_image","schema":{"@context":"https:\/\/schema.org","@graph":[{"@type":"WebPage","@id":"https:\/\/www.campingdelileverte.com\/de\/vermietung-mobilheim-saint-malo\/mobilheime-mit-whirlpool\/","url":"https:\/\/www.campingdelileverte.com\/de\/vermietung-mobilheim-saint-malo\/mobilheime-mit-whirlpool\/","name":"Vermietung eines Mobilheims mit privatem Spa in Saint Malo | Luxus-Mobilheim","isPartOf":{"@id":"https:\/\/www.campingdelileverte.com\/de\/#website"},"primaryImageOfPage":{"@id":"https:\/\/www.campingdelileverte.com\/de\/vermietung-mobilheim-saint-malo\/mobilheime-mit-whirlpool\/#primaryimage"},"image":{"@id":"https:\/\/www.campingdelileverte.com\/de\/vermietung-mobilheim-saint-malo\/mobilheime-mit-whirlpool\/#primaryimage"},"thumbnailUrl":"https:\/\/www.campingdelileverte.com\/wp-content\/uploads\/2021\/10\/camping-location-mobil-home-spa-saint-malo.jpg","datePublished":"2021-08-12T12:49:29+00:00","dateModified":"2021-12-16T10:37:53+00:00","breadcrumb":{"@id":"https:\/\/www.campingdelileverte.com\/de\/vermietung-mobilheim-saint-malo\/mobilheime-mit-whirlpool\/#breadcrumb"},"inLanguage":"de","potentialAction":[{"@type":"ReadAction","target":["https:\/\/www.campingdelileverte.com\/de\/vermietung-mobilheim-saint-malo\/mobilheime-mit-whirlpool\/"]}]},{"@type":"ImageObject","inLanguage":"de","@id":"https:\/\/www.campingdelileverte.com\/de\/vermietung-mobilheim-saint-malo\/mobilheime-mit-whirlpool\/#primaryimage","url":"https:\/\/www.campingdelileverte.com\/wp-content\/uploads\/2021\/10\/camping-location-mobil-home-spa-saint-malo.jpg","contentUrl":"https:\/\/www.campingdelileverte.com\/wp-content\/uploads\/2021\/10\/camping-location-mobil-home-spa-saint-malo.jpg","width":1900,"height":700,"caption":"camping location mobil home spa saint malo"},{"@type":"BreadcrumbList","@id":"https:\/\/www.campingdelileverte.com\/de\/vermietung-mobilheim-saint-malo\/mobilheime-mit-whirlpool\/#breadcrumb","itemListElement":[{"@type":"ListItem","position":1,"name":"Camping Saint Malo","item":"https:\/\/www.campingdelileverte.com\/de\/"},{"@type":"ListItem","position":2,"name":"Standort Mobilheim Saint Malo","item":"https:\/\/www.campingdelileverte.com\/de\/vermietung-mobilheim-saint-malo\/"},{"@type":"ListItem","position":3,"name":"Mobilheimvermietung mit Spa Saint-Malo"}]},{"@type":"WebSite","@id":"https:\/\/www.campingdelileverte.com\/de\/#website","url":"https:\/\/www.campingdelileverte.com\/de\/","name":"Camping Ile Verte","description":"","publisher":{"@id":"https:\/\/www.campingdelileverte.com\/de\/#organization"},"potentialAction":[{"@type":"SearchAction","target":{"@type":"EntryPoint","urlTemplate":"https:\/\/www.campingdelileverte.com\/de\/?s={search_term_string}"},"query-input":{"@type":"PropertyValueSpecification","valueRequired":true,"valueName":"search_term_string"}}],"inLanguage":"de"},{"@type":"Organization","@id":"https:\/\/www.campingdelileverte.com\/de\/#organization","name":"Camping Ile Verte","url":"https:\/\/www.campingdelileverte.com\/de\/","logo":{"@type":"ImageObject","inLanguage":"de","@id":"https:\/\/www.campingdelileverte.com\/de\/#\/schema\/logo\/image\/","url":"https:\/\/www.campingdelileverte.com\/wp-content\/uploads\/2021\/08\/camping-saint-malo.png","contentUrl":"https:\/\/www.campingdelileverte.com\/wp-content\/uploads\/2021\/08\/camping-saint-malo.png","width":370,"height":264,"caption":"Camping Ile Verte"},"image":{"@id":"https:\/\/www.campingdelileverte.com\/de\/#\/schema\/logo\/image\/"}}]}},"_links":{"self":[{"href":"https:\/\/www.campingdelileverte.com\/de\/wp-json\/wp\/v2\/pages\/8300","targetHints":{"allow":["GET"]}}],"collection":[{"href":"https:\/\/www.campingdelileverte.com\/de\/wp-json\/wp\/v2\/pages"}],"about":[{"href":"https:\/\/www.campingdelileverte.com\/de\/wp-json\/wp\/v2\/types\/page"}],"author":[{"embeddable":true,"href":"https:\/\/www.campingdelileverte.com\/de\/wp-json\/wp\/v2\/users\/1"}],"replies":[{"embeddable":true,"href":"https:\/\/www.campingdelileverte.com\/de\/wp-json\/wp\/v2\/comments?post=8300"}],"version-history":[{"count":4,"href":"https:\/\/www.campingdelileverte.com\/de\/wp-json\/wp\/v2\/pages\/8300\/revisions"}],"predecessor-version":[{"id":9142,"href":"https:\/\/www.campingdelileverte.com\/de\/wp-json\/wp\/v2\/pages\/8300\/revisions\/9142"}],"up":[{"embeddable":true,"href":"https:\/\/www.campingdelileverte.com\/de\/wp-json\/wp\/v2\/pages\/8283"}],"wp:featuredmedia":[{"embeddable":true,"href":"https:\/\/www.campingdelileverte.com\/de\/wp-json\/wp\/v2\/media\/8301"}],"wp:attachment":[{"href":"https:\/\/www.campingdelileverte.com\/de\/wp-json\/wp\/v2\/media?parent=8300"}],"curies":[{"name":"wp","href":"https:\/\/api.w.org\/{rel}","templated":true}]}}