{"id":8951,"date":"2021-08-12T14:47:36","date_gmt":"2021-08-12T12:47:36","guid":{"rendered":"https:\/\/www.campingdelileverte.com\/bar-snack-camping-cancale\/"},"modified":"2021-12-20T16:13:52","modified_gmt":"2021-12-20T15:13:52","slug":"campingplaetze-snack-bar","status":"publish","type":"page","link":"https:\/\/www.campingdelileverte.com\/de\/campingplaetze-snack-bar\/","title":{"rendered":"Le Camping : Bar\/Snack"},"content":{"rendered":"<section id=\"section-611cdc9626fda\"\" class=\"section home-first bg-white\" \/><div class=\"container extralarge\"><div class=\"colonnes-wrap valign-middle \"><div class=\"element colonne w-45 p-3 bg-color5\"><h1 class=\"element section-title left color4\">Campingpl\u00e4tze Bar und Imbiss<\/h1><div class=\"element bloc-text left \">\n\t<p>In der Bar\u2019A\u2019Bat sind Sie in der Nebensaison am Wochenende und an Feiertagen und im Juli und August jeden Tag willkommen. Getr\u00e4nke, Cocktails und an den Abenden wo Sie keine Lust haben zu kochen Salate, Gegrilltes und der ber\u00fchmte \u201cBatburger\u201d dessen Ruf unbeschritten ist! F\u00fcr die Feinschmecker haben wir das handgemache Eis Sanchez von Saint Malo. Der Wirt Baptiste schl\u00e4gt Ihnen jede Woche seine hausgemachten Speisen vor: Muschel mit Pommes Frites Abend, spanische Paella, gegrillter Schinken\u2026<br \/>\nSie sind herzliche Willkommen bei den unterhaltsamen Abenden, die jede Woche organisier sind, mit dem traditionellen Lottospiel, der unglaublichen Zaubervorstellung oder bei der gem\u00fctlichen Stimmung der Seefahrerlieder (abh\u00e4ngig vom Zeitplan und nur im Juli und August).<br \/>\nLos geht\u2019s zur Bar\u2019\u00e0\u2019Bat damit Sie die Geselligkeit ohnen Moderation genie\u00dfen k\u00f6nnen!<\/p>\n<\/div><\/div><div class=\"element colonne w-55\"><div class=\"element fancybox-container\"><a class=\"fancybox\" href=\"https:\/\/www.campingdelileverte.com\/wp-content\/uploads\/2021\/08\/camping-ille-et-vilaine-restaurant.jpg\"><img decoding=\"async\" src=\"https:\/\/www.campingdelileverte.com\/wp-content\/uploads\/2021\/08\/camping-ille-et-vilaine-restaurant-100x43.jpg\" data-src=\"https:\/\/www.campingdelileverte.com\/wp-content\/uploads\/2021\/08\/camping-ille-et-vilaine-restaurant.jpg\" alt=\"camping ille et vilaine restaurant\" class=\"images_image\" \/><\/a><a class=\"fancybox\" href=\"https:\/\/www.campingdelileverte.com\/wp-content\/uploads\/2021\/08\/camping-cancale-bar-snack.jpg\"><img decoding=\"async\" src=\"https:\/\/www.campingdelileverte.com\/wp-content\/uploads\/2021\/08\/camping-cancale-bar-snack-84x100.jpg\" data-src=\"https:\/\/www.campingdelileverte.com\/wp-content\/uploads\/2021\/08\/camping-cancale-bar-snack.jpg\" alt=\"camping cancale bar snack\" class=\"images_image\" \/><\/a><a class=\"fancybox\" href=\"https:\/\/www.campingdelileverte.com\/wp-content\/uploads\/2021\/08\/camping-cancale-restaurant-specialite-locale.jpg\"><img decoding=\"async\" src=\"https:\/\/www.campingdelileverte.com\/wp-content\/uploads\/2021\/08\/camping-cancale-restaurant-specialite-locale-83x100.jpg\" data-src=\"https:\/\/www.campingdelileverte.com\/wp-content\/uploads\/2021\/08\/camping-cancale-restaurant-specialite-locale.jpg\" alt=\"camping cancale restaurant specialite locale\" class=\"images_image\" \/><\/a><\/div><\/div><\/div><\/div><\/section>\n\n<section id=\"section-611cdc9627486\"\" class=\"section home-third bg-white p-t-0 p-b-0\" \/><div class=\"container full\"><div class=\"element images\"><div class=\"image\"><img decoding=\"async\" src=\"https:\/\/www.campingdelileverte.com\/wp-content\/uploads\/2021\/08\/camping-mont-saint-michel-bar-snack-100x33.jpg\" data-src=\"https:\/\/www.campingdelileverte.com\/wp-content\/uploads\/2021\/08\/camping-mont-saint-michel-bar-snack.jpg\" alt=\"camping mont saint michel bar snack\" class=\"images_image\" \/><\/div><\/div><div class=\"element images\"><div class=\"image\"><img decoding=\"async\" src=\"https:\/\/www.campingdelileverte.com\/wp-content\/uploads\/2021\/08\/wave-100x16.png\" data-src=\"https:\/\/www.campingdelileverte.com\/wp-content\/uploads\/2021\/08\/wave.png\" alt=\"vague piscine saint malo\" class=\"images_image\" \/><\/div><\/div><\/div><\/section>\n\n<section id=\"section-611cdc962795d\"\" class=\"section home-third-bis bg-white\" \/><div class=\"container\"><div class=\"element section-title center color2 titre-cta\">Die Terrasse des Restaurants auf dem Campingplatz in der Bretagne.<\/div><div class=\"element bloc-text center \">\n\t<p>Um Ihre Familie um eine Mahlzeit zu genie\u00dfen oder sich am Nachmittag bei einem Drink zu entspannen, ist die Terrasse der Bar \u201a a \u201a Bates der perfekte Ort. W\u00e4hrend Ihres Aufenthaltes werden Sie von unseren Teams in guter Laune empfangen, damit Sie einen angenehmen Moment auf unserem 4-Sterne-Campingplatz verbringen k\u00f6nnen. Kommen Sie gerne und genie\u00dfen Sie die ger\u00e4umige Terrasse unseres Restaurants mit ihren Kindern oder Freunden und genie\u00dfen Sie die guten Gerichte, die von unserem K\u00fcchenchef zubereitet werden.<\/p>\n<\/div><div class=\"element images\"><div class=\"image\"><img decoding=\"async\" src=\"https:\/\/www.campingdelileverte.com\/wp-content\/uploads\/2021\/08\/tortillon-100x100.png\" data-src=\"https:\/\/www.campingdelileverte.com\/wp-content\/uploads\/2021\/08\/tortillon.png\" alt=\"camping piscine bretagne\" class=\"images_image tortillon\" \/><\/div><\/div><\/div><\/section>\n\n<section id=\"section-611ce00696f04\"\" class=\"section bg-color5\" \/><div class=\"container extralarge\"><div class=\"element section-title left titre-cta\">Entdecken Sie die anderen Dienstleistungen des Campingplatzes<\/div><ul class=\"liste-de-page\"><li class=\"element call-to-action carre call-to-action--style-1 call-to-action--big\"><a href=\"https:\/\/www.campingdelileverte.com\/de\/4-stars-campsite-services\/\"  class=\"call-to-action_link\" title=\"En savoir plus sur die dienste\"><div class=\"call-to-action_image\"><img decoding=\"async\" src=\"https:\/\/www.campingdelileverte.com\/wp-content\/uploads\/2021\/11\/camping-avec-sanitaires-cancale-100x37.jpg\" data-src=\"https:\/\/www.campingdelileverte.com\/wp-content\/uploads\/2021\/11\/camping-avec-sanitaires-cancale.jpg\" alt=\"camping avec  -cancale\" class=\"big\" \/><\/div><div class=\"call-to-action_contenu\"><div class=\"call-to-action_titre\">Die Dienste<\/div><\/div><\/a><\/li><li class=\"element call-to-action carre call-to-action--style-1 call-to-action--big call-to-action--style-1 call-to-action--big\"><a href=\"https:\/\/www.campingdelileverte.com\/de\/camping-st-malo-mit-schwimmbad\/\"  class=\"call-to-action_link\" title=\"En savoir plus sur der fischteich\"><div class=\"call-to-action_image\"><img decoding=\"async\" src=\"https:\/\/www.campingdelileverte.com\/wp-content\/uploads\/2021\/08\/piscine-bretagne-100x46.jpg\" data-src=\"https:\/\/www.campingdelileverte.com\/wp-content\/uploads\/2021\/08\/piscine-bretagne.jpg\" alt=\"piscine bretagne\" class=\"big\" \/><\/div><div class=\"call-to-action_contenu\"><div class=\"call-to-action_titre\">Der Fischteich<\/div><\/div><\/a><\/li><li class=\"element call-to-action carre call-to-action--style-1 call-to-action--big call-to-action--style-1 call-to-action--big call-to-action--style-1 call-to-action--big\"><a href=\"https:\/\/www.campingdelileverte.com\/de\/norden-der-bretagne-camping-aktivitaeten-und-freizeit\/\"  class=\"call-to-action_link\" title=\"En savoir plus sur aktivit\u00e4ten und freizeit\"><div class=\"call-to-action_image\"><img decoding=\"async\" src=\"https:\/\/www.campingdelileverte.com\/wp-content\/uploads\/2021\/11\/camping-aire-de-jeux-enfants-saint-benoit-des-ondes-100x37.jpg\" data-src=\"https:\/\/www.campingdelileverte.com\/wp-content\/uploads\/2021\/11\/camping-aire-de-jeux-enfants-saint-benoit-des-ondes.jpg\" alt=\"camping-aire-de-jeux-enfants saint benoit des ondes\" class=\"big\" \/><\/div><div class=\"call-to-action_contenu\"><div class=\"call-to-action_titre\">Aktivit\u00e4ten und Freizeit<\/div><\/div><\/a><\/li><\/ul><\/div><\/section>","protected":false},"excerpt":{"rendered":"","protected":false},"author":1,"featured_media":8952,"parent":0,"menu_order":0,"comment_status":"closed","ping_status":"closed","template":"","meta":{"_acf_changed":false,"footnotes":""},"class_list":["post-8951","page","type-page","status-publish","has-post-thumbnail","hentry"],"acf":[],"yoast_head":"<!-- This site is optimized with the Yoast SEO plugin v25.3 - https:\/\/yoast.com\/wordpress\/plugins\/seo\/ -->\n<title>Campingpl\u00e4tze Bar und Imbiss - Camping in der Bretagne<\/title>\n<meta name=\"robots\" content=\"index, follow, max-snippet:-1, max-image-preview:large, max-video-preview:-1\" \/>\n<link rel=\"canonical\" href=\"https:\/\/www.campingdelileverte.com\/de\/campingplaetze-snack-bar\/\" \/>\n<meta property=\"og:locale\" content=\"de_DE\" \/>\n<meta property=\"og:type\" content=\"article\" \/>\n<meta property=\"og:title\" content=\"Campingpl\u00e4tze Bar und Imbiss - Camping in der Bretagne\" \/>\n<meta property=\"og:url\" content=\"https:\/\/www.campingdelileverte.com\/de\/campingplaetze-snack-bar\/\" \/>\n<meta property=\"og:site_name\" content=\"Camping Ile Verte\" \/>\n<meta property=\"article:modified_time\" content=\"2021-12-20T15:13:52+00:00\" \/>\n<meta property=\"og:image\" content=\"https:\/\/www.campingdelileverte.com\/wp-content\/uploads\/2021\/08\/camping-saint-malo-bar-snack.jpg\" \/>\n\t<meta property=\"og:image:width\" content=\"1904\" \/>\n\t<meta property=\"og:image:height\" content=\"869\" \/>\n\t<meta property=\"og:image:type\" content=\"image\/jpeg\" \/>\n<meta name=\"twitter:card\" content=\"summary_large_image\" \/>\n<script type=\"application\/ld+json\" class=\"yoast-schema-graph\">{\"@context\":\"https:\/\/schema.org\",\"@graph\":[{\"@type\":\"WebPage\",\"@id\":\"https:\/\/www.campingdelileverte.com\/de\/campingplaetze-snack-bar\/\",\"url\":\"https:\/\/www.campingdelileverte.com\/de\/campingplaetze-snack-bar\/\",\"name\":\"Campingpl\u00e4tze Bar und Imbiss - Camping in der Bretagne\",\"isPartOf\":{\"@id\":\"https:\/\/www.campingdelileverte.com\/de\/#website\"},\"primaryImageOfPage\":{\"@id\":\"https:\/\/www.campingdelileverte.com\/de\/campingplaetze-snack-bar\/#primaryimage\"},\"image\":{\"@id\":\"https:\/\/www.campingdelileverte.com\/de\/campingplaetze-snack-bar\/#primaryimage\"},\"thumbnailUrl\":\"https:\/\/www.campingdelileverte.com\/wp-content\/uploads\/2021\/08\/camping-saint-malo-bar-snack.jpg\",\"datePublished\":\"2021-08-12T12:47:36+00:00\",\"dateModified\":\"2021-12-20T15:13:52+00:00\",\"breadcrumb\":{\"@id\":\"https:\/\/www.campingdelileverte.com\/de\/campingplaetze-snack-bar\/#breadcrumb\"},\"inLanguage\":\"de\",\"potentialAction\":[{\"@type\":\"ReadAction\",\"target\":[\"https:\/\/www.campingdelileverte.com\/de\/campingplaetze-snack-bar\/\"]}]},{\"@type\":\"ImageObject\",\"inLanguage\":\"de\",\"@id\":\"https:\/\/www.campingdelileverte.com\/de\/campingplaetze-snack-bar\/#primaryimage\",\"url\":\"https:\/\/www.campingdelileverte.com\/wp-content\/uploads\/2021\/08\/camping-saint-malo-bar-snack.jpg\",\"contentUrl\":\"https:\/\/www.campingdelileverte.com\/wp-content\/uploads\/2021\/08\/camping-saint-malo-bar-snack.jpg\",\"width\":1904,\"height\":869,\"caption\":\"camping saint malo bar snack\"},{\"@type\":\"BreadcrumbList\",\"@id\":\"https:\/\/www.campingdelileverte.com\/de\/campingplaetze-snack-bar\/#breadcrumb\",\"itemListElement\":[{\"@type\":\"ListItem\",\"position\":1,\"name\":\"Camping Saint Malo\",\"item\":\"https:\/\/www.campingdelileverte.com\/de\/\"},{\"@type\":\"ListItem\",\"position\":2,\"name\":\"Campingpl\u00e4tze Bar und Imbiss\"}]},{\"@type\":\"WebSite\",\"@id\":\"https:\/\/www.campingdelileverte.com\/de\/#website\",\"url\":\"https:\/\/www.campingdelileverte.com\/de\/\",\"name\":\"Camping Ile Verte\",\"description\":\"\",\"publisher\":{\"@id\":\"https:\/\/www.campingdelileverte.com\/de\/#organization\"},\"potentialAction\":[{\"@type\":\"SearchAction\",\"target\":{\"@type\":\"EntryPoint\",\"urlTemplate\":\"https:\/\/www.campingdelileverte.com\/de\/?s={search_term_string}\"},\"query-input\":{\"@type\":\"PropertyValueSpecification\",\"valueRequired\":true,\"valueName\":\"search_term_string\"}}],\"inLanguage\":\"de\"},{\"@type\":\"Organization\",\"@id\":\"https:\/\/www.campingdelileverte.com\/de\/#organization\",\"name\":\"Camping Ile Verte\",\"url\":\"https:\/\/www.campingdelileverte.com\/de\/\",\"logo\":{\"@type\":\"ImageObject\",\"inLanguage\":\"de\",\"@id\":\"https:\/\/www.campingdelileverte.com\/de\/#\/schema\/logo\/image\/\",\"url\":\"https:\/\/www.campingdelileverte.com\/wp-content\/uploads\/2021\/08\/camping-saint-malo.png\",\"contentUrl\":\"https:\/\/www.campingdelileverte.com\/wp-content\/uploads\/2021\/08\/camping-saint-malo.png\",\"width\":370,\"height\":264,\"caption\":\"Camping Ile Verte\"},\"image\":{\"@id\":\"https:\/\/www.campingdelileverte.com\/de\/#\/schema\/logo\/image\/\"}}]}<\/script>\n<!-- \/ Yoast SEO plugin. -->","yoast_head_json":{"title":"Campingpl\u00e4tze Bar und Imbiss - Camping in der Bretagne","robots":{"index":"index","follow":"follow","max-snippet":"max-snippet:-1","max-image-preview":"max-image-preview:large","max-video-preview":"max-video-preview:-1"},"canonical":"https:\/\/www.campingdelileverte.com\/de\/campingplaetze-snack-bar\/","og_locale":"de_DE","og_type":"article","og_title":"Campingpl\u00e4tze Bar und Imbiss - Camping in der Bretagne","og_url":"https:\/\/www.campingdelileverte.com\/de\/campingplaetze-snack-bar\/","og_site_name":"Camping Ile Verte","article_modified_time":"2021-12-20T15:13:52+00:00","og_image":[{"width":1904,"height":869,"url":"https:\/\/www.campingdelileverte.com\/wp-content\/uploads\/2021\/08\/camping-saint-malo-bar-snack.jpg","type":"image\/jpeg"}],"twitter_card":"summary_large_image","schema":{"@context":"https:\/\/schema.org","@graph":[{"@type":"WebPage","@id":"https:\/\/www.campingdelileverte.com\/de\/campingplaetze-snack-bar\/","url":"https:\/\/www.campingdelileverte.com\/de\/campingplaetze-snack-bar\/","name":"Campingpl\u00e4tze Bar und Imbiss - Camping in der Bretagne","isPartOf":{"@id":"https:\/\/www.campingdelileverte.com\/de\/#website"},"primaryImageOfPage":{"@id":"https:\/\/www.campingdelileverte.com\/de\/campingplaetze-snack-bar\/#primaryimage"},"image":{"@id":"https:\/\/www.campingdelileverte.com\/de\/campingplaetze-snack-bar\/#primaryimage"},"thumbnailUrl":"https:\/\/www.campingdelileverte.com\/wp-content\/uploads\/2021\/08\/camping-saint-malo-bar-snack.jpg","datePublished":"2021-08-12T12:47:36+00:00","dateModified":"2021-12-20T15:13:52+00:00","breadcrumb":{"@id":"https:\/\/www.campingdelileverte.com\/de\/campingplaetze-snack-bar\/#breadcrumb"},"inLanguage":"de","potentialAction":[{"@type":"ReadAction","target":["https:\/\/www.campingdelileverte.com\/de\/campingplaetze-snack-bar\/"]}]},{"@type":"ImageObject","inLanguage":"de","@id":"https:\/\/www.campingdelileverte.com\/de\/campingplaetze-snack-bar\/#primaryimage","url":"https:\/\/www.campingdelileverte.com\/wp-content\/uploads\/2021\/08\/camping-saint-malo-bar-snack.jpg","contentUrl":"https:\/\/www.campingdelileverte.com\/wp-content\/uploads\/2021\/08\/camping-saint-malo-bar-snack.jpg","width":1904,"height":869,"caption":"camping saint malo bar snack"},{"@type":"BreadcrumbList","@id":"https:\/\/www.campingdelileverte.com\/de\/campingplaetze-snack-bar\/#breadcrumb","itemListElement":[{"@type":"ListItem","position":1,"name":"Camping Saint Malo","item":"https:\/\/www.campingdelileverte.com\/de\/"},{"@type":"ListItem","position":2,"name":"Campingpl\u00e4tze Bar und Imbiss"}]},{"@type":"WebSite","@id":"https:\/\/www.campingdelileverte.com\/de\/#website","url":"https:\/\/www.campingdelileverte.com\/de\/","name":"Camping Ile Verte","description":"","publisher":{"@id":"https:\/\/www.campingdelileverte.com\/de\/#organization"},"potentialAction":[{"@type":"SearchAction","target":{"@type":"EntryPoint","urlTemplate":"https:\/\/www.campingdelileverte.com\/de\/?s={search_term_string}"},"query-input":{"@type":"PropertyValueSpecification","valueRequired":true,"valueName":"search_term_string"}}],"inLanguage":"de"},{"@type":"Organization","@id":"https:\/\/www.campingdelileverte.com\/de\/#organization","name":"Camping Ile Verte","url":"https:\/\/www.campingdelileverte.com\/de\/","logo":{"@type":"ImageObject","inLanguage":"de","@id":"https:\/\/www.campingdelileverte.com\/de\/#\/schema\/logo\/image\/","url":"https:\/\/www.campingdelileverte.com\/wp-content\/uploads\/2021\/08\/camping-saint-malo.png","contentUrl":"https:\/\/www.campingdelileverte.com\/wp-content\/uploads\/2021\/08\/camping-saint-malo.png","width":370,"height":264,"caption":"Camping Ile Verte"},"image":{"@id":"https:\/\/www.campingdelileverte.com\/de\/#\/schema\/logo\/image\/"}}]}},"_links":{"self":[{"href":"https:\/\/www.campingdelileverte.com\/de\/wp-json\/wp\/v2\/pages\/8951","targetHints":{"allow":["GET"]}}],"collection":[{"href":"https:\/\/www.campingdelileverte.com\/de\/wp-json\/wp\/v2\/pages"}],"about":[{"href":"https:\/\/www.campingdelileverte.com\/de\/wp-json\/wp\/v2\/types\/page"}],"author":[{"embeddable":true,"href":"https:\/\/www.campingdelileverte.com\/de\/wp-json\/wp\/v2\/users\/1"}],"replies":[{"embeddable":true,"href":"https:\/\/www.campingdelileverte.com\/de\/wp-json\/wp\/v2\/comments?post=8951"}],"version-history":[{"count":4,"href":"https:\/\/www.campingdelileverte.com\/de\/wp-json\/wp\/v2\/pages\/8951\/revisions"}],"predecessor-version":[{"id":9498,"href":"https:\/\/www.campingdelileverte.com\/de\/wp-json\/wp\/v2\/pages\/8951\/revisions\/9498"}],"wp:featuredmedia":[{"embeddable":true,"href":"https:\/\/www.campingdelileverte.com\/de\/wp-json\/wp\/v2\/media\/8952"}],"wp:attachment":[{"href":"https:\/\/www.campingdelileverte.com\/de\/wp-json\/wp\/v2\/media?parent=8951"}],"curies":[{"name":"wp","href":"https:\/\/api.w.org\/{rel}","templated":true}]}}