{"id":9061,"date":"2021-09-28T16:26:16","date_gmt":"2021-09-28T14:26:16","guid":{"rendered":"https:\/\/www.campingdelileverte.com\/vermietung-mobilheim-saint-malo\/mobil-homes-2-zimmer\/louer-mobil-home-ibiza-confort\/"},"modified":"2021-12-20T16:18:45","modified_gmt":"2021-12-20T15:18:45","slug":"mobil-home-2-zimmer-ibiza-komfort","status":"publish","type":"page","link":"https:\/\/www.campingdelileverte.com\/de\/vermietung-mobilheim-saint-malo\/mobil-homes-2-zimmer\/mobil-home-2-zimmer-ibiza-komfort\/","title":{"rendered":"MH Ibiza Confort"},"content":{"rendered":"<section id=\"section-615327add885c\"\" class=\"section bg-white\" \/><div class=\"container\"><h1 class=\"element section-title center color4\">Mobil Home 2 zimmer Ibiza Komfort<\/h1><\/div><\/section>\n\n<section id=\"section-6156fa9e7c08b\"\" class=\"section bg-white p-t-0 p-b-0\" \/><div class=\"container\"><div class=\"element bloc-text\">\n\t<script>\r\n    window.ctoutvert = {\r\n\t\tid: 5223, \r\n\t\tlang: 'auto', \r\n\t\turl: 'https:\/\/bookingpremium.secureholiday.net\/widgets\/'\r\n    };\r\n\r\n    (function (w, d, s, ctv, r, js, fjs) {\r\n        r=new XMLHttpRequest();r.open('GET',w[ctv].url+'js\/src.json');\r\n        r.responseType='json';r.json=true;r.send();\r\n        r.onload=function(){w[ctv].src=r.responseType=='json'?r.response:JSON.parse(r.response);\r\n        js.src=w[ctv].src[0];fjs.parentNode.insertBefore(js, fjs);}\r\n        js=d.createElement(s),fjs=d.getElementsByTagName(s)[0];\r\n        js.id='ctvwidget';js.async=1;\r\n    }(window, document, 'script', 'ctoutvert'));\r\n<\/script>\r\n<ctv-product data-product-id='57170' data-full='true' ><\/ctv-product><\/div><\/div><\/section>\n\n<section id=\"section-615327add8c1d\"\" class=\"section bg-white\" \/><div class=\"container extralarge\"><div class=\"element bloc-text justify \">\n\t<p>M\u00f6chten Sie ein paar Tage in Saint Malo verbringen? Der Campingplatz \u00cele Verte bietet Ihnen ein Mobilheim Ibiza Confort mit einer Gesamtfl\u00e4che von 28,1 m\u00b2. Es ist ein neues Modell mit zwei Schlafzimmern, eines mit einem Doppelbett und das andere mit zwei Einzelbetten. Das Zimmer mit dem Bett 2 Personen ist ger\u00e4umig und kann leicht ein Kinderbett hinzuf\u00fcgen (M\u00f6glichkeit, das Baby-Set zu mieten besteht aus einem Kinderbett und einem Hochstuhl). Es wird perfekt f\u00fcr Familien mit kleinen Kindern sein. Die Bank im Wohnzimmer ist f\u00fcr zwei Personen (Kinder unter 12 Jahren) umwandelbar. Es bietet Platz f\u00fcr bis zu sechs Personen. Kissen und Bettdecken sind vorhanden (Bettw\u00e4sche ist gegen Aufpreis und nach Reservierung erh\u00e4ltlich).<br \/>\nIn der K\u00fcche: K\u00fchl- \/ Gefrierschrank, 4-Flammen-Herd mit Dunstabzugshaube, Mikrowelle, Kaffeemaschine, Wasserkocher, Toaster, Geschirr f\u00fcr 8 Personen.<br \/>\nDas Ibiza Confort Mobilheim verf\u00fcgt \u00fcber ein Badezimmer mit Dusche und Waschbecken und ein separates WC. Badet\u00fccher sind nicht vorhanden.<br \/>\nAuf der Terrasse: Gartenm\u00f6bel mit Sonnenschirm. Der Campingplatz Green Island bietet gemeinschaftliche Barbecues und Planchas. Barbecue ist auf dem Campingplatz erlaubt. Sie haben auch einen Platz f\u00fcr ein Auto auf Ihrer Website. Hunde an der Leine und mit einem Impfpass sind gegen Aufpreis erlaubt.<br \/>\nAlso warte nicht und buche jetzt dein Mobilheim f\u00fcr einen Traumurlaub.<\/p>\n<\/div><\/div><\/section>\n\n<section id=\"section-615327add902e\"\" class=\"section bg-white p-t-0\" \/><div class=\"container extralarge\"><div class=\"element section-title center color2 titre-cta\">Andere Mobilheime zu vermieten Cancale<\/div><div class=\"element bloc-text left \">\n\t<ul>\n<li><a href=\"\/location-mobil-home-saint-malo\/\">Mobil home Saint Malo<\/a><\/li>\n<li><a href=\"https:\/\/www.campingdelileverte.com\/de\/chalets-und-bungalows\/\">Vermietung Mobilheim 2 Zimmer Saint Malo<\/a><\/li>\n<\/ul>\n<\/div><\/div><\/section>\n\n<section id=\"section-615327add9671\"\" class=\"section bg-white\" \/><div class=\"container extralarge\"><div class=\"element section-title center titre-cta\">Entdecken Sie unsere Unterk\u00fcnfte<\/div><ul class=\"liste-de-page\"><li class=\"element call-to-action carre call-to-action--style-1 call-to-action--big\"><a href=\"https:\/\/www.campingdelileverte.com\/de\/die-stellplatze\/\"  class=\"call-to-action_link\" title=\"En savoir plus sur die standorte\"><div class=\"call-to-action_image\"><img decoding=\"async\" src=\"https:\/\/www.campingdelileverte.com\/wp-content\/uploads\/2021\/10\/camping-location-emplacement-caravaning-saint-malo-100x37.jpg\" data-src=\"https:\/\/www.campingdelileverte.com\/wp-content\/uploads\/2021\/10\/camping-location-emplacement-caravaning-saint-malo.jpg\" alt=\"camping location emplacement caravaning saint malo\" class=\"big\" \/><\/div><div class=\"call-to-action_contenu\"><div class=\"call-to-action_titre\">Die Standorte<\/div><\/div><\/a><\/li><li class=\"element call-to-action carre call-to-action--style-1 call-to-action--big call-to-action--style-1 call-to-action--big\"><a href=\"https:\/\/www.campingdelileverte.com\/de\/tarife-und-reservierung\/\"  class=\"call-to-action_link\" title=\"En savoir plus sur tarife und reservierung\"><div class=\"call-to-action_image\"><img decoding=\"async\" src=\"https:\/\/www.campingdelileverte.com\/wp-content\/uploads\/2021\/11\/camping-pas-cher-saint-benoit-des-ondes-100x37.jpg\" data-src=\"https:\/\/www.campingdelileverte.com\/wp-content\/uploads\/2021\/11\/camping-pas-cher-saint-benoit-des-ondes.jpg\" alt=\"camping pas cher saint benoit des ondes\" class=\"big\" \/><\/div><div class=\"call-to-action_contenu\"><div class=\"call-to-action_titre\">Tarife und Reservierung<\/div><\/div><\/a><\/li><li class=\"element call-to-action carre call-to-action--style-1 call-to-action--big call-to-action--style-1 call-to-action--big call-to-action--style-1 call-to-action--big\"><a href=\"https:\/\/www.campingdelileverte.com\/de\/chalets-und-bungalows\/\"  class=\"call-to-action_link\" title=\"En savoir plus sur  chalet und bungalow \"><div class=\"call-to-action_image\"><img decoding=\"async\" src=\"https:\/\/www.campingdelileverte.com\/wp-content\/uploads\/2021\/08\/LODGE-EXTERIEUR-2023-exterieur-100x67.jpg\" data-src=\"https:\/\/www.campingdelileverte.com\/wp-content\/uploads\/2021\/08\/LODGE-EXTERIEUR-2023-exterieur.jpg\" alt=\"\" class=\"big\" \/><\/div><div class=\"call-to-action_contenu\"><div class=\"call-to-action_titre\"> Chalet und Bungalow <\/div><\/div><\/a><\/li><\/ul><\/div><\/section>","protected":false},"excerpt":{"rendered":"","protected":false},"author":1,"featured_media":9062,"parent":8318,"menu_order":0,"comment_status":"closed","ping_status":"closed","template":"","meta":{"_acf_changed":false,"footnotes":""},"class_list":["post-9061","page","type-page","status-publish","has-post-thumbnail","hentry"],"acf":[],"yoast_head":"<!-- This site is optimized with the Yoast SEO plugin v25.3 - https:\/\/yoast.com\/wordpress\/plugins\/seo\/ -->\n<title>Mobil Home 2 zimmer Ibiza Komfort - Vermeietung in der Norden Bretagne<\/title>\n<meta name=\"robots\" content=\"index, follow, max-snippet:-1, max-image-preview:large, max-video-preview:-1\" \/>\n<link rel=\"canonical\" href=\"https:\/\/www.campingdelileverte.com\/de\/vermietung-mobilheim-saint-malo\/mobil-homes-2-zimmer\/mobil-home-2-zimmer-ibiza-komfort\/\" \/>\n<meta property=\"og:locale\" content=\"de_DE\" \/>\n<meta property=\"og:type\" content=\"article\" \/>\n<meta property=\"og:title\" content=\"Mobil Home 2 zimmer Ibiza Komfort - Vermeietung in der Norden Bretagne\" \/>\n<meta property=\"og:url\" content=\"https:\/\/www.campingdelileverte.com\/de\/vermietung-mobilheim-saint-malo\/mobil-homes-2-zimmer\/mobil-home-2-zimmer-ibiza-komfort\/\" \/>\n<meta property=\"og:site_name\" content=\"Camping Ile Verte\" \/>\n<meta property=\"article:modified_time\" content=\"2021-12-20T15:18:45+00:00\" \/>\n<meta property=\"og:image\" content=\"https:\/\/www.campingdelileverte.com\/wp-content\/uploads\/2021\/10\/camping-location-mobil-home-confort-ibiza-saint-malo.jpg\" \/>\n\t<meta property=\"og:image:width\" content=\"1900\" \/>\n\t<meta property=\"og:image:height\" content=\"700\" \/>\n\t<meta property=\"og:image:type\" content=\"image\/jpeg\" \/>\n<meta name=\"twitter:card\" content=\"summary_large_image\" \/>\n<script type=\"application\/ld+json\" class=\"yoast-schema-graph\">{\"@context\":\"https:\/\/schema.org\",\"@graph\":[{\"@type\":\"WebPage\",\"@id\":\"https:\/\/www.campingdelileverte.com\/de\/vermietung-mobilheim-saint-malo\/mobil-homes-2-zimmer\/mobil-home-2-zimmer-ibiza-komfort\/\",\"url\":\"https:\/\/www.campingdelileverte.com\/de\/vermietung-mobilheim-saint-malo\/mobil-homes-2-zimmer\/mobil-home-2-zimmer-ibiza-komfort\/\",\"name\":\"Mobil Home 2 zimmer Ibiza Komfort - Vermeietung in der Norden Bretagne\",\"isPartOf\":{\"@id\":\"https:\/\/www.campingdelileverte.com\/de\/#website\"},\"primaryImageOfPage\":{\"@id\":\"https:\/\/www.campingdelileverte.com\/de\/vermietung-mobilheim-saint-malo\/mobil-homes-2-zimmer\/mobil-home-2-zimmer-ibiza-komfort\/#primaryimage\"},\"image\":{\"@id\":\"https:\/\/www.campingdelileverte.com\/de\/vermietung-mobilheim-saint-malo\/mobil-homes-2-zimmer\/mobil-home-2-zimmer-ibiza-komfort\/#primaryimage\"},\"thumbnailUrl\":\"https:\/\/www.campingdelileverte.com\/wp-content\/uploads\/2021\/10\/camping-location-mobil-home-confort-ibiza-saint-malo.jpg\",\"datePublished\":\"2021-09-28T14:26:16+00:00\",\"dateModified\":\"2021-12-20T15:18:45+00:00\",\"breadcrumb\":{\"@id\":\"https:\/\/www.campingdelileverte.com\/de\/vermietung-mobilheim-saint-malo\/mobil-homes-2-zimmer\/mobil-home-2-zimmer-ibiza-komfort\/#breadcrumb\"},\"inLanguage\":\"de\",\"potentialAction\":[{\"@type\":\"ReadAction\",\"target\":[\"https:\/\/www.campingdelileverte.com\/de\/vermietung-mobilheim-saint-malo\/mobil-homes-2-zimmer\/mobil-home-2-zimmer-ibiza-komfort\/\"]}]},{\"@type\":\"ImageObject\",\"inLanguage\":\"de\",\"@id\":\"https:\/\/www.campingdelileverte.com\/de\/vermietung-mobilheim-saint-malo\/mobil-homes-2-zimmer\/mobil-home-2-zimmer-ibiza-komfort\/#primaryimage\",\"url\":\"https:\/\/www.campingdelileverte.com\/wp-content\/uploads\/2021\/10\/camping-location-mobil-home-confort-ibiza-saint-malo.jpg\",\"contentUrl\":\"https:\/\/www.campingdelileverte.com\/wp-content\/uploads\/2021\/10\/camping-location-mobil-home-confort-ibiza-saint-malo.jpg\",\"width\":1900,\"height\":700,\"caption\":\"camping location mobil home confort ibiza saint malo\"},{\"@type\":\"BreadcrumbList\",\"@id\":\"https:\/\/www.campingdelileverte.com\/de\/vermietung-mobilheim-saint-malo\/mobil-homes-2-zimmer\/mobil-home-2-zimmer-ibiza-komfort\/#breadcrumb\",\"itemListElement\":[{\"@type\":\"ListItem\",\"position\":1,\"name\":\"Camping Saint Malo\",\"item\":\"https:\/\/www.campingdelileverte.com\/de\/\"},{\"@type\":\"ListItem\",\"position\":2,\"name\":\"Standort Mobilheim Saint Malo\",\"item\":\"https:\/\/www.campingdelileverte.com\/de\/vermietung-mobilheim-saint-malo\/\"},{\"@type\":\"ListItem\",\"position\":3,\"name\":\"Mobilheim 2 Zimmer Cancale\",\"item\":\"https:\/\/www.campingdelileverte.com\/de\/vermietung-mobilheim-saint-malo\/mobil-homes-2-zimmer\/\"},{\"@type\":\"ListItem\",\"position\":4,\"name\":\"Mobil Home 2 zimmer Ibiza Komfort\"}]},{\"@type\":\"WebSite\",\"@id\":\"https:\/\/www.campingdelileverte.com\/de\/#website\",\"url\":\"https:\/\/www.campingdelileverte.com\/de\/\",\"name\":\"Camping Ile Verte\",\"description\":\"\",\"publisher\":{\"@id\":\"https:\/\/www.campingdelileverte.com\/de\/#organization\"},\"potentialAction\":[{\"@type\":\"SearchAction\",\"target\":{\"@type\":\"EntryPoint\",\"urlTemplate\":\"https:\/\/www.campingdelileverte.com\/de\/?s={search_term_string}\"},\"query-input\":{\"@type\":\"PropertyValueSpecification\",\"valueRequired\":true,\"valueName\":\"search_term_string\"}}],\"inLanguage\":\"de\"},{\"@type\":\"Organization\",\"@id\":\"https:\/\/www.campingdelileverte.com\/de\/#organization\",\"name\":\"Camping Ile Verte\",\"url\":\"https:\/\/www.campingdelileverte.com\/de\/\",\"logo\":{\"@type\":\"ImageObject\",\"inLanguage\":\"de\",\"@id\":\"https:\/\/www.campingdelileverte.com\/de\/#\/schema\/logo\/image\/\",\"url\":\"https:\/\/www.campingdelileverte.com\/wp-content\/uploads\/2021\/08\/camping-saint-malo.png\",\"contentUrl\":\"https:\/\/www.campingdelileverte.com\/wp-content\/uploads\/2021\/08\/camping-saint-malo.png\",\"width\":370,\"height\":264,\"caption\":\"Camping Ile Verte\"},\"image\":{\"@id\":\"https:\/\/www.campingdelileverte.com\/de\/#\/schema\/logo\/image\/\"}}]}<\/script>\n<!-- \/ Yoast SEO plugin. -->","yoast_head_json":{"title":"Mobil Home 2 zimmer Ibiza Komfort - Vermeietung in der Norden Bretagne","robots":{"index":"index","follow":"follow","max-snippet":"max-snippet:-1","max-image-preview":"max-image-preview:large","max-video-preview":"max-video-preview:-1"},"canonical":"https:\/\/www.campingdelileverte.com\/de\/vermietung-mobilheim-saint-malo\/mobil-homes-2-zimmer\/mobil-home-2-zimmer-ibiza-komfort\/","og_locale":"de_DE","og_type":"article","og_title":"Mobil Home 2 zimmer Ibiza Komfort - Vermeietung in der Norden Bretagne","og_url":"https:\/\/www.campingdelileverte.com\/de\/vermietung-mobilheim-saint-malo\/mobil-homes-2-zimmer\/mobil-home-2-zimmer-ibiza-komfort\/","og_site_name":"Camping Ile Verte","article_modified_time":"2021-12-20T15:18:45+00:00","og_image":[{"width":1900,"height":700,"url":"https:\/\/www.campingdelileverte.com\/wp-content\/uploads\/2021\/10\/camping-location-mobil-home-confort-ibiza-saint-malo.jpg","type":"image\/jpeg"}],"twitter_card":"summary_large_image","schema":{"@context":"https:\/\/schema.org","@graph":[{"@type":"WebPage","@id":"https:\/\/www.campingdelileverte.com\/de\/vermietung-mobilheim-saint-malo\/mobil-homes-2-zimmer\/mobil-home-2-zimmer-ibiza-komfort\/","url":"https:\/\/www.campingdelileverte.com\/de\/vermietung-mobilheim-saint-malo\/mobil-homes-2-zimmer\/mobil-home-2-zimmer-ibiza-komfort\/","name":"Mobil Home 2 zimmer Ibiza Komfort - Vermeietung in der Norden Bretagne","isPartOf":{"@id":"https:\/\/www.campingdelileverte.com\/de\/#website"},"primaryImageOfPage":{"@id":"https:\/\/www.campingdelileverte.com\/de\/vermietung-mobilheim-saint-malo\/mobil-homes-2-zimmer\/mobil-home-2-zimmer-ibiza-komfort\/#primaryimage"},"image":{"@id":"https:\/\/www.campingdelileverte.com\/de\/vermietung-mobilheim-saint-malo\/mobil-homes-2-zimmer\/mobil-home-2-zimmer-ibiza-komfort\/#primaryimage"},"thumbnailUrl":"https:\/\/www.campingdelileverte.com\/wp-content\/uploads\/2021\/10\/camping-location-mobil-home-confort-ibiza-saint-malo.jpg","datePublished":"2021-09-28T14:26:16+00:00","dateModified":"2021-12-20T15:18:45+00:00","breadcrumb":{"@id":"https:\/\/www.campingdelileverte.com\/de\/vermietung-mobilheim-saint-malo\/mobil-homes-2-zimmer\/mobil-home-2-zimmer-ibiza-komfort\/#breadcrumb"},"inLanguage":"de","potentialAction":[{"@type":"ReadAction","target":["https:\/\/www.campingdelileverte.com\/de\/vermietung-mobilheim-saint-malo\/mobil-homes-2-zimmer\/mobil-home-2-zimmer-ibiza-komfort\/"]}]},{"@type":"ImageObject","inLanguage":"de","@id":"https:\/\/www.campingdelileverte.com\/de\/vermietung-mobilheim-saint-malo\/mobil-homes-2-zimmer\/mobil-home-2-zimmer-ibiza-komfort\/#primaryimage","url":"https:\/\/www.campingdelileverte.com\/wp-content\/uploads\/2021\/10\/camping-location-mobil-home-confort-ibiza-saint-malo.jpg","contentUrl":"https:\/\/www.campingdelileverte.com\/wp-content\/uploads\/2021\/10\/camping-location-mobil-home-confort-ibiza-saint-malo.jpg","width":1900,"height":700,"caption":"camping location mobil home confort ibiza saint malo"},{"@type":"BreadcrumbList","@id":"https:\/\/www.campingdelileverte.com\/de\/vermietung-mobilheim-saint-malo\/mobil-homes-2-zimmer\/mobil-home-2-zimmer-ibiza-komfort\/#breadcrumb","itemListElement":[{"@type":"ListItem","position":1,"name":"Camping Saint Malo","item":"https:\/\/www.campingdelileverte.com\/de\/"},{"@type":"ListItem","position":2,"name":"Standort Mobilheim Saint Malo","item":"https:\/\/www.campingdelileverte.com\/de\/vermietung-mobilheim-saint-malo\/"},{"@type":"ListItem","position":3,"name":"Mobilheim 2 Zimmer Cancale","item":"https:\/\/www.campingdelileverte.com\/de\/vermietung-mobilheim-saint-malo\/mobil-homes-2-zimmer\/"},{"@type":"ListItem","position":4,"name":"Mobil Home 2 zimmer Ibiza Komfort"}]},{"@type":"WebSite","@id":"https:\/\/www.campingdelileverte.com\/de\/#website","url":"https:\/\/www.campingdelileverte.com\/de\/","name":"Camping Ile Verte","description":"","publisher":{"@id":"https:\/\/www.campingdelileverte.com\/de\/#organization"},"potentialAction":[{"@type":"SearchAction","target":{"@type":"EntryPoint","urlTemplate":"https:\/\/www.campingdelileverte.com\/de\/?s={search_term_string}"},"query-input":{"@type":"PropertyValueSpecification","valueRequired":true,"valueName":"search_term_string"}}],"inLanguage":"de"},{"@type":"Organization","@id":"https:\/\/www.campingdelileverte.com\/de\/#organization","name":"Camping Ile Verte","url":"https:\/\/www.campingdelileverte.com\/de\/","logo":{"@type":"ImageObject","inLanguage":"de","@id":"https:\/\/www.campingdelileverte.com\/de\/#\/schema\/logo\/image\/","url":"https:\/\/www.campingdelileverte.com\/wp-content\/uploads\/2021\/08\/camping-saint-malo.png","contentUrl":"https:\/\/www.campingdelileverte.com\/wp-content\/uploads\/2021\/08\/camping-saint-malo.png","width":370,"height":264,"caption":"Camping Ile Verte"},"image":{"@id":"https:\/\/www.campingdelileverte.com\/de\/#\/schema\/logo\/image\/"}}]}},"_links":{"self":[{"href":"https:\/\/www.campingdelileverte.com\/de\/wp-json\/wp\/v2\/pages\/9061","targetHints":{"allow":["GET"]}}],"collection":[{"href":"https:\/\/www.campingdelileverte.com\/de\/wp-json\/wp\/v2\/pages"}],"about":[{"href":"https:\/\/www.campingdelileverte.com\/de\/wp-json\/wp\/v2\/types\/page"}],"author":[{"embeddable":true,"href":"https:\/\/www.campingdelileverte.com\/de\/wp-json\/wp\/v2\/users\/1"}],"replies":[{"embeddable":true,"href":"https:\/\/www.campingdelileverte.com\/de\/wp-json\/wp\/v2\/comments?post=9061"}],"version-history":[{"count":6,"href":"https:\/\/www.campingdelileverte.com\/de\/wp-json\/wp\/v2\/pages\/9061\/revisions"}],"predecessor-version":[{"id":9525,"href":"https:\/\/www.campingdelileverte.com\/de\/wp-json\/wp\/v2\/pages\/9061\/revisions\/9525"}],"up":[{"embeddable":true,"href":"https:\/\/www.campingdelileverte.com\/de\/wp-json\/wp\/v2\/pages\/8318"}],"wp:featuredmedia":[{"embeddable":true,"href":"https:\/\/www.campingdelileverte.com\/de\/wp-json\/wp\/v2\/media\/9062"}],"wp:attachment":[{"href":"https:\/\/www.campingdelileverte.com\/de\/wp-json\/wp\/v2\/media?parent=9061"}],"curies":[{"name":"wp","href":"https:\/\/api.w.org\/{rel}","templated":true}]}}