{"id":8297,"date":"2021-08-12T14:49:29","date_gmt":"2021-08-12T12:49:29","guid":{"rendered":"https:\/\/www.campingdelileverte.com\/verhuur-stacaravan-saint-malo\/locations-mobil-homes-avec-spa-saint-malo\/"},"modified":"2021-12-14T12:08:41","modified_gmt":"2021-12-14T11:08:41","slug":"stacaravans-met-spa","status":"publish","type":"page","link":"https:\/\/www.campingdelileverte.com\/nl\/verhuur-stacaravan-saint-malo\/stacaravans-met-spa\/","title":{"rendered":"Les Locations : Mobil home avec spa"},"content":{"rendered":"<section id=\"section-615318dab101a\"\" class=\"section bg-white\" \/><div class=\"container\"><h1 class=\"element section-title center color4\">Stacaravans met spa<\/h1><\/div><\/section>\n\n<section id=\"section-614c40242244c\"\" class=\"section bg-white\" \/><div class=\"container extralarge\"><div class=\"filtres\"><div class=\"button-group\" data-filter-group=\".nombre-de-chambres\"><div class=\"button-group-title\">Nombre de chambres<\/div><button data-filter=\"\" class=\"button active group-all\">Tous<\/button><button data-filter=\".nombre-de-chambres-2\" class=\"button\">2 <\/button><button data-filter=\".nombre-de-chambres-3\" class=\"button\">3 <\/button><\/div><div class=\"button-group\" data-filter-group=\".nombre-de-personnes\"><div class=\"button-group-title\">Nombre de personnes<\/div><button data-filter=\"\" class=\"button active group-all\">Tous<\/button><button data-filter=\".nombre-de-personnes-4\" class=\"button\">4 <\/button><button data-filter=\".nombre-de-personnes-6\" class=\"button\">6 <\/button><\/div><\/div><ul class=\"liste-de-page hebergements\"><div class=\"row\"><li class=\"element hebergement call-to-action call-to-action--style-2  nombre-de-chambres-3 nombre-de-personnes-6 superficie-38\"><div class=\"hebergement_link\" id=\"7788\"><div class=\"call-to-action_image\"><img decoding=\"async\" src=\"https:\/\/www.campingdelileverte.com\/wp-content\/uploads\/2021\/08\/Design-sans-titre.png\" data-src=\"https:\/\/www.campingdelileverte.com\/wp-content\/uploads\/2021\/08\/Design-sans-titre.png\" alt=\"\" class=\"\" \/><\/div><div class=\"call-to-action_contenu\"><div class=\"call-to-action_titre\">Residence KEY WEST 3 slaapkamers 2 badkamers<\/div><\/div><div class=\"hebergement-attributs\"><span class=\"attribut nombre-de-chambres\">3 <\/span><span class=\"attribut nombre-de-personnes\">6 <\/span><span class=\"attribut superficie\">38m\u00b2<\/span><\/div><\/div><\/li><li class=\"element hebergement call-to-action call-to-action--style-2  nombre-de-chambres-2 nombre-de-personnes-4 superficie-35\"><div class=\"hebergement_link\" id=\"7795\"><div class=\"call-to-action_image\"><img decoding=\"async\" src=\"https:\/\/www.campingdelileverte.com\/wp-content\/uploads\/2021\/08\/taos.png\" data-src=\"https:\/\/www.campingdelileverte.com\/wp-content\/uploads\/2021\/08\/taos.png\" alt=\"\" class=\"\" \/><\/div><div class=\"call-to-action_contenu\"><div class=\"call-to-action_titre\">Residence TAOS Prestige 2 slaapkamers 2 badkamers<\/div><\/div><div class=\"hebergement-attributs\"><span class=\"attribut nombre-de-chambres\">2 <\/span><span class=\"attribut nombre-de-personnes\">4 <\/span><span class=\"attribut superficie\">35m\u00b2<\/span><\/div><\/div><\/li><li class=\"element hebergement call-to-action call-to-action--style-2  nombre-de-chambres-3 nombre-de-personnes-6 superficie-38\"><div class=\"hebergement_link\" id=\"7809\"><div class=\"call-to-action_image\"><img decoding=\"async\" src=\"https:\/\/www.campingdelileverte.com\/wp-content\/uploads\/2021\/08\/camping-mont-saint-michel-location-mobil-home-taos-3-chambres-2-salles-de-bain-terrasse-couverte-1.jpg\" data-src=\"https:\/\/www.campingdelileverte.com\/wp-content\/uploads\/2021\/08\/camping-mont-saint-michel-location-mobil-home-taos-3-chambres-2-salles-de-bain-terrasse-couverte-1.jpg\" alt=\"camping mont saint michel location mobil-home taos 3 chambres 2 salles de bain terrasse couverte\" class=\"\" \/><\/div><div class=\"call-to-action_contenu\"><div class=\"call-to-action_titre\">Residence TAOS Prestige 3 slaapkamers 2 badkamers<\/div><\/div><div class=\"hebergement-attributs\"><span class=\"attribut nombre-de-chambres\">3 <\/span><span class=\"attribut nombre-de-personnes\">6 <\/span><span class=\"attribut superficie\">38m\u00b2<\/span><\/div><\/div><\/li><\/div><\/ul><\/div><\/section>\n\n<section id=\"section-615318dab13ee\"\" class=\"section bg-white\" \/><div class=\"container full\"><div class=\"colonnes-wrap valign-top \"><div class=\"element colonne \"><h2 class=\"element section-title left color2\">Voorstelling van onze stacaravans met spa<\/h2><div class=\"element bloc-text left \">\n\t<p>Breng een onvergetelijke vakantie door op <a href=\"\/nl\/\">Camping 4 sterren l&#8217;ile Verte<\/a> dankzij ons aanbod aan residences met <strong class=\"bold color2\">priv\u00e9 spa<\/strong>. Deze nieuwe generatie stacaravans met modern design bieden u ruimte en comfort.<br \/>\nIn de versie met 2 slaapkamers kunnen de Taos residenties tot 4 personen huisvesten. Bestaande uit een <strong class=\"bold color2\">ouderlijke suite<\/strong> met een bed van 160&#215;200 en een badkamer en apart toilet, een tweede slaapkamer met 2 bedden naast elkaar ook met een badkamer en toilet, is het de ideale accommodatie voor een verblijf voor 2 stellen.<\/p>\n<p>De 3 slaapkamer Taos en 3 slaapkamer Key West residenties zijn geschikt voor grotere gezinnen en bieden plaats aan 6 personen.<br \/>\nEen master suite met 1 bed 160&#215;200, badkamer (douche, wastafel) en aparte WC<br \/>\nEen kamer met 2 bedden van 80&#215;190 naast elkaar en een kamer met stapelbed van 80&#215;190: deze 2 kamers hebben een tweede badkamer met douche, wastafel en WC.<\/p>\n<p>De woonkamer heeft een zithoek met TV en een keuken uitgerust met een koelkast\/vriezer, een vaatwasser, een 4-pits kookplaat, een magnetron, een koffiezetapparaat, een waterkoker, een broodrooster en een barbecue. Met 35 m\u00b2 en 38 m\u00b2 zullen onze Prestige woningen u verleiden met hun ruimte en de <strong class=\"bold color2\"> talrijke bergruimten<\/strong>.<br \/>\nOp het grote terras zult u genieten van het tuinmeubilair en de ligstoelen om te loungen, maar vooral van de priv\u00e9 spa voor 4 personen, waarin u heerlijk kunt ontspannen na uw dagen van wandelen aan de Smaragdkust. Een parkeerplaats voor een voertuig is voorzien in de buurt van de accommodatie.<\/p>\n<\/div><\/div><div class=\"element colonne \"><h2 class=\"element section-title left color2\">Gids voor het juiste gebruik van de spa<\/h2><h3 class=\"element section-title left color3\">GEBRUIK<\/h3><div class=\"element bloc-text left \">\n\t<ul>\n<li> De beschikbaarheid van de spa bij aankomst hangt af van de behandeling van het water en de tijd die nodig is om het te verwarmen. Als het water tussen twee verhuringen moet worden ververst, kunnen wij geen warm water garanderen bij aankomst.<\/li>\n<li>U mag de spa pas gebruiken nadat u de gebruiksaanwijzing met de technicus heeft doorgenomen.<\/li>\n<li>Als u deze instructies niet opvolgt, zult u aansprakelijk worden gesteld.<\/li>\n<li>Het is formeel verboden te springen of zich te gedragen op een wijze die de goede werking van de aan u ter beschikking gestelde apparatuur zou kunnen schaden.<\/li>\n<li>Om een aangename temperatuur te behouden, is het belangrijk de spa na elk gebruik af te sluiten.<\/li>\n<\/ul>\n<\/div><h3 class=\"element section-title left color3\">hygi\u00ebne<\/h3><div class=\"element bloc-text left \">\n\t<ul>\n<li> Water is een gevoelig milieu dat, om zijn goede kwaliteit te waarborgen, een strikte hygi\u00ebne vereist. Een zeepdouche van het lichaam en het haar v\u00f3\u00f3r elk gebruik is dus verplicht v\u00f3\u00f3r elk bad.<\/li>\n<li> Zonnebrandcr\u00e8me of zelfbruinende cr\u00e8mes zijn verboden voor gebruik van de spa.<\/li>\n<li> De technische dienst geeft zichzelf toestemming om de spa&#8217;s te legen als de kwaliteit van het water is aangetast door nalatig gebruik.<\/li>\n<\/ul>\n<\/div><h3 class=\"element section-title left color3\">veiligheid<\/h3><div class=\"element bloc-text left \">\n\t<ul>\n<li>Kinderen jonger dan 7 jaar zijn niet toegestaan.<\/li>\n<li>Minderjarigen mogen de spa-functies niet activeren; het gebruik door minderjarigen valt onder de verantwoordelijkheid van de aanwezige volwassenen.<\/li>\n<\/ul>\n<\/div><\/div><\/div><\/div><\/section>\n\n<section id=\"section-615318dab16fd\"\" class=\"section bg-white\" \/><div class=\"container extralarge\"><div class=\"element section-title center titre-cta\">Ontdek onze huuraccommodaties<\/div><ul class=\"liste-de-page\"><li class=\"element call-to-action carre call-to-action--style-1 call-to-action--big\"><a href=\"https:\/\/www.campingdelileverte.com\/nl\/tarieven-en-reservatie\/\"  class=\"call-to-action_link\" title=\"En savoir plus sur tarieven en reservatie\"><div class=\"call-to-action_image\"><img decoding=\"async\" src=\"https:\/\/www.campingdelileverte.com\/wp-content\/uploads\/2021\/11\/camping-pas-cher-saint-benoit-des-ondes-100x37.jpg\" data-src=\"https:\/\/www.campingdelileverte.com\/wp-content\/uploads\/2021\/11\/camping-pas-cher-saint-benoit-des-ondes.jpg\" alt=\"camping pas cher saint benoit des ondes\" class=\"big\" \/><\/div><div class=\"call-to-action_contenu\"><div class=\"call-to-action_titre\">Tarieven en reservatie<\/div><\/div><\/a><\/li><li class=\"element call-to-action carre call-to-action--style-1 call-to-action--big call-to-action--style-1 call-to-action--big\"><a href=\"https:\/\/www.campingdelileverte.com\/nl\/verhuur-stacaravan-saint-malo\/\"  class=\"call-to-action_link\" title=\"En savoir plus sur stacaravan\"><div class=\"call-to-action_image\"><img decoding=\"async\" src=\"https:\/\/www.campingdelileverte.com\/wp-content\/uploads\/2021\/11\/camping-location-mobil-home-spa-privatif-saint-benoit-des-ondes-100x37.jpg\" data-src=\"https:\/\/www.campingdelileverte.com\/wp-content\/uploads\/2021\/11\/camping-location-mobil-home-spa-privatif-saint-benoit-des-ondes.jpg\" alt=\"camping location mobil home spa privatif saint benoit des ondes\" class=\"big\" \/><\/div><div class=\"call-to-action_contenu\"><div class=\"call-to-action_titre\">Stacaravan<\/div><\/div><\/a><\/li><li class=\"element call-to-action carre call-to-action--style-1 call-to-action--big call-to-action--style-1 call-to-action--big call-to-action--style-1 call-to-action--big\"><a href=\"https:\/\/www.campingdelileverte.com\/nl\/het-zwembad\/\"  class=\"call-to-action_link\" title=\"En savoir plus sur het zwembad\"><div class=\"call-to-action_image\"><img decoding=\"async\" src=\"https:\/\/www.campingdelileverte.com\/wp-content\/uploads\/2021\/08\/piscine-bretagne-100x46.jpg\" data-src=\"https:\/\/www.campingdelileverte.com\/wp-content\/uploads\/2021\/08\/piscine-bretagne.jpg\" alt=\"piscine bretagne\" class=\"big\" \/><\/div><div class=\"call-to-action_contenu\"><div class=\"call-to-action_titre\">Het zwembad<\/div><\/div><\/a><\/li><\/ul><\/div><\/section>","protected":false},"excerpt":{"rendered":"","protected":false},"author":1,"featured_media":8298,"parent":8279,"menu_order":0,"comment_status":"closed","ping_status":"closed","template":"","meta":{"_acf_changed":false,"footnotes":""},"class_list":["post-8297","page","type-page","status-publish","has-post-thumbnail","hentry"],"acf":[],"yoast_head":"<!-- This site is optimized with the Yoast SEO plugin v25.3 - https:\/\/yoast.com\/wordpress\/plugins\/seo\/ -->\n<title>Stacaravan huren met prive spa in Saint Malo | Luxe stacaravan<\/title>\n<meta name=\"robots\" content=\"index, follow, max-snippet:-1, max-image-preview:large, max-video-preview:-1\" \/>\n<link rel=\"canonical\" href=\"https:\/\/www.campingdelileverte.com\/nl\/verhuur-stacaravan-saint-malo\/stacaravans-met-spa\/\" \/>\n<meta property=\"og:locale\" content=\"nl_NL\" \/>\n<meta property=\"og:type\" content=\"article\" \/>\n<meta property=\"og:title\" content=\"Stacaravan huren met prive spa in Saint Malo | Luxe stacaravan\" \/>\n<meta property=\"og:url\" content=\"https:\/\/www.campingdelileverte.com\/nl\/verhuur-stacaravan-saint-malo\/stacaravans-met-spa\/\" \/>\n<meta property=\"og:site_name\" content=\"Camping Ile Verte\" \/>\n<meta property=\"article:modified_time\" content=\"2021-12-14T11:08:41+00:00\" \/>\n<meta property=\"og:image\" content=\"https:\/\/www.campingdelileverte.com\/wp-content\/uploads\/2021\/10\/camping-location-mobil-home-spa-saint-malo.jpg\" \/>\n\t<meta property=\"og:image:width\" content=\"1900\" \/>\n\t<meta property=\"og:image:height\" content=\"700\" \/>\n\t<meta property=\"og:image:type\" content=\"image\/jpeg\" \/>\n<meta name=\"twitter:card\" content=\"summary_large_image\" \/>\n<script type=\"application\/ld+json\" class=\"yoast-schema-graph\">{\"@context\":\"https:\/\/schema.org\",\"@graph\":[{\"@type\":\"WebPage\",\"@id\":\"https:\/\/www.campingdelileverte.com\/nl\/verhuur-stacaravan-saint-malo\/stacaravans-met-spa\/\",\"url\":\"https:\/\/www.campingdelileverte.com\/nl\/verhuur-stacaravan-saint-malo\/stacaravans-met-spa\/\",\"name\":\"Stacaravan huren met prive spa in Saint Malo | Luxe stacaravan\",\"isPartOf\":{\"@id\":\"https:\/\/www.campingdelileverte.com\/nl\/#website\"},\"primaryImageOfPage\":{\"@id\":\"https:\/\/www.campingdelileverte.com\/nl\/verhuur-stacaravan-saint-malo\/stacaravans-met-spa\/#primaryimage\"},\"image\":{\"@id\":\"https:\/\/www.campingdelileverte.com\/nl\/verhuur-stacaravan-saint-malo\/stacaravans-met-spa\/#primaryimage\"},\"thumbnailUrl\":\"https:\/\/www.campingdelileverte.com\/wp-content\/uploads\/2021\/10\/camping-location-mobil-home-spa-saint-malo.jpg\",\"datePublished\":\"2021-08-12T12:49:29+00:00\",\"dateModified\":\"2021-12-14T11:08:41+00:00\",\"breadcrumb\":{\"@id\":\"https:\/\/www.campingdelileverte.com\/nl\/verhuur-stacaravan-saint-malo\/stacaravans-met-spa\/#breadcrumb\"},\"inLanguage\":\"nl-NL\",\"potentialAction\":[{\"@type\":\"ReadAction\",\"target\":[\"https:\/\/www.campingdelileverte.com\/nl\/verhuur-stacaravan-saint-malo\/stacaravans-met-spa\/\"]}]},{\"@type\":\"ImageObject\",\"inLanguage\":\"nl-NL\",\"@id\":\"https:\/\/www.campingdelileverte.com\/nl\/verhuur-stacaravan-saint-malo\/stacaravans-met-spa\/#primaryimage\",\"url\":\"https:\/\/www.campingdelileverte.com\/wp-content\/uploads\/2021\/10\/camping-location-mobil-home-spa-saint-malo.jpg\",\"contentUrl\":\"https:\/\/www.campingdelileverte.com\/wp-content\/uploads\/2021\/10\/camping-location-mobil-home-spa-saint-malo.jpg\",\"width\":1900,\"height\":700,\"caption\":\"camping location mobil home spa saint malo\"},{\"@type\":\"BreadcrumbList\",\"@id\":\"https:\/\/www.campingdelileverte.com\/nl\/verhuur-stacaravan-saint-malo\/stacaravans-met-spa\/#breadcrumb\",\"itemListElement\":[{\"@type\":\"ListItem\",\"position\":1,\"name\":\"Camping Saint Malo\",\"item\":\"https:\/\/www.campingdelileverte.com\/nl\/\"},{\"@type\":\"ListItem\",\"position\":2,\"name\":\"Stacaravan verhuur Saint Malo\",\"item\":\"https:\/\/www.campingdelileverte.com\/nl\/verhuur-stacaravan-saint-malo\/\"},{\"@type\":\"ListItem\",\"position\":3,\"name\":\"Stacaravans te huur met spa Saint-Malo\"}]},{\"@type\":\"WebSite\",\"@id\":\"https:\/\/www.campingdelileverte.com\/nl\/#website\",\"url\":\"https:\/\/www.campingdelileverte.com\/nl\/\",\"name\":\"Camping Ile Verte\",\"description\":\"\",\"publisher\":{\"@id\":\"https:\/\/www.campingdelileverte.com\/nl\/#organization\"},\"potentialAction\":[{\"@type\":\"SearchAction\",\"target\":{\"@type\":\"EntryPoint\",\"urlTemplate\":\"https:\/\/www.campingdelileverte.com\/nl\/?s={search_term_string}\"},\"query-input\":{\"@type\":\"PropertyValueSpecification\",\"valueRequired\":true,\"valueName\":\"search_term_string\"}}],\"inLanguage\":\"nl-NL\"},{\"@type\":\"Organization\",\"@id\":\"https:\/\/www.campingdelileverte.com\/nl\/#organization\",\"name\":\"Camping Ile Verte\",\"url\":\"https:\/\/www.campingdelileverte.com\/nl\/\",\"logo\":{\"@type\":\"ImageObject\",\"inLanguage\":\"nl-NL\",\"@id\":\"https:\/\/www.campingdelileverte.com\/nl\/#\/schema\/logo\/image\/\",\"url\":\"https:\/\/www.campingdelileverte.com\/wp-content\/uploads\/2021\/08\/camping-saint-malo.png\",\"contentUrl\":\"https:\/\/www.campingdelileverte.com\/wp-content\/uploads\/2021\/08\/camping-saint-malo.png\",\"width\":370,\"height\":264,\"caption\":\"Camping Ile Verte\"},\"image\":{\"@id\":\"https:\/\/www.campingdelileverte.com\/nl\/#\/schema\/logo\/image\/\"}}]}<\/script>\n<!-- \/ Yoast SEO plugin. -->","yoast_head_json":{"title":"Stacaravan huren met prive spa in Saint Malo | Luxe stacaravan","robots":{"index":"index","follow":"follow","max-snippet":"max-snippet:-1","max-image-preview":"max-image-preview:large","max-video-preview":"max-video-preview:-1"},"canonical":"https:\/\/www.campingdelileverte.com\/nl\/verhuur-stacaravan-saint-malo\/stacaravans-met-spa\/","og_locale":"nl_NL","og_type":"article","og_title":"Stacaravan huren met prive spa in Saint Malo | Luxe stacaravan","og_url":"https:\/\/www.campingdelileverte.com\/nl\/verhuur-stacaravan-saint-malo\/stacaravans-met-spa\/","og_site_name":"Camping Ile Verte","article_modified_time":"2021-12-14T11:08:41+00:00","og_image":[{"width":1900,"height":700,"url":"https:\/\/www.campingdelileverte.com\/wp-content\/uploads\/2021\/10\/camping-location-mobil-home-spa-saint-malo.jpg","type":"image\/jpeg"}],"twitter_card":"summary_large_image","schema":{"@context":"https:\/\/schema.org","@graph":[{"@type":"WebPage","@id":"https:\/\/www.campingdelileverte.com\/nl\/verhuur-stacaravan-saint-malo\/stacaravans-met-spa\/","url":"https:\/\/www.campingdelileverte.com\/nl\/verhuur-stacaravan-saint-malo\/stacaravans-met-spa\/","name":"Stacaravan huren met prive spa in Saint Malo | Luxe stacaravan","isPartOf":{"@id":"https:\/\/www.campingdelileverte.com\/nl\/#website"},"primaryImageOfPage":{"@id":"https:\/\/www.campingdelileverte.com\/nl\/verhuur-stacaravan-saint-malo\/stacaravans-met-spa\/#primaryimage"},"image":{"@id":"https:\/\/www.campingdelileverte.com\/nl\/verhuur-stacaravan-saint-malo\/stacaravans-met-spa\/#primaryimage"},"thumbnailUrl":"https:\/\/www.campingdelileverte.com\/wp-content\/uploads\/2021\/10\/camping-location-mobil-home-spa-saint-malo.jpg","datePublished":"2021-08-12T12:49:29+00:00","dateModified":"2021-12-14T11:08:41+00:00","breadcrumb":{"@id":"https:\/\/www.campingdelileverte.com\/nl\/verhuur-stacaravan-saint-malo\/stacaravans-met-spa\/#breadcrumb"},"inLanguage":"nl-NL","potentialAction":[{"@type":"ReadAction","target":["https:\/\/www.campingdelileverte.com\/nl\/verhuur-stacaravan-saint-malo\/stacaravans-met-spa\/"]}]},{"@type":"ImageObject","inLanguage":"nl-NL","@id":"https:\/\/www.campingdelileverte.com\/nl\/verhuur-stacaravan-saint-malo\/stacaravans-met-spa\/#primaryimage","url":"https:\/\/www.campingdelileverte.com\/wp-content\/uploads\/2021\/10\/camping-location-mobil-home-spa-saint-malo.jpg","contentUrl":"https:\/\/www.campingdelileverte.com\/wp-content\/uploads\/2021\/10\/camping-location-mobil-home-spa-saint-malo.jpg","width":1900,"height":700,"caption":"camping location mobil home spa saint malo"},{"@type":"BreadcrumbList","@id":"https:\/\/www.campingdelileverte.com\/nl\/verhuur-stacaravan-saint-malo\/stacaravans-met-spa\/#breadcrumb","itemListElement":[{"@type":"ListItem","position":1,"name":"Camping Saint Malo","item":"https:\/\/www.campingdelileverte.com\/nl\/"},{"@type":"ListItem","position":2,"name":"Stacaravan verhuur Saint Malo","item":"https:\/\/www.campingdelileverte.com\/nl\/verhuur-stacaravan-saint-malo\/"},{"@type":"ListItem","position":3,"name":"Stacaravans te huur met spa Saint-Malo"}]},{"@type":"WebSite","@id":"https:\/\/www.campingdelileverte.com\/nl\/#website","url":"https:\/\/www.campingdelileverte.com\/nl\/","name":"Camping Ile Verte","description":"","publisher":{"@id":"https:\/\/www.campingdelileverte.com\/nl\/#organization"},"potentialAction":[{"@type":"SearchAction","target":{"@type":"EntryPoint","urlTemplate":"https:\/\/www.campingdelileverte.com\/nl\/?s={search_term_string}"},"query-input":{"@type":"PropertyValueSpecification","valueRequired":true,"valueName":"search_term_string"}}],"inLanguage":"nl-NL"},{"@type":"Organization","@id":"https:\/\/www.campingdelileverte.com\/nl\/#organization","name":"Camping Ile Verte","url":"https:\/\/www.campingdelileverte.com\/nl\/","logo":{"@type":"ImageObject","inLanguage":"nl-NL","@id":"https:\/\/www.campingdelileverte.com\/nl\/#\/schema\/logo\/image\/","url":"https:\/\/www.campingdelileverte.com\/wp-content\/uploads\/2021\/08\/camping-saint-malo.png","contentUrl":"https:\/\/www.campingdelileverte.com\/wp-content\/uploads\/2021\/08\/camping-saint-malo.png","width":370,"height":264,"caption":"Camping Ile Verte"},"image":{"@id":"https:\/\/www.campingdelileverte.com\/nl\/#\/schema\/logo\/image\/"}}]}},"_links":{"self":[{"href":"https:\/\/www.campingdelileverte.com\/nl\/wp-json\/wp\/v2\/pages\/8297","targetHints":{"allow":["GET"]}}],"collection":[{"href":"https:\/\/www.campingdelileverte.com\/nl\/wp-json\/wp\/v2\/pages"}],"about":[{"href":"https:\/\/www.campingdelileverte.com\/nl\/wp-json\/wp\/v2\/types\/page"}],"author":[{"embeddable":true,"href":"https:\/\/www.campingdelileverte.com\/nl\/wp-json\/wp\/v2\/users\/1"}],"replies":[{"embeddable":true,"href":"https:\/\/www.campingdelileverte.com\/nl\/wp-json\/wp\/v2\/comments?post=8297"}],"version-history":[{"count":5,"href":"https:\/\/www.campingdelileverte.com\/nl\/wp-json\/wp\/v2\/pages\/8297\/revisions"}],"predecessor-version":[{"id":8629,"href":"https:\/\/www.campingdelileverte.com\/nl\/wp-json\/wp\/v2\/pages\/8297\/revisions\/8629"}],"up":[{"embeddable":true,"href":"https:\/\/www.campingdelileverte.com\/nl\/wp-json\/wp\/v2\/pages\/8279"}],"wp:featuredmedia":[{"embeddable":true,"href":"https:\/\/www.campingdelileverte.com\/nl\/wp-json\/wp\/v2\/media\/8298"}],"wp:attachment":[{"href":"https:\/\/www.campingdelileverte.com\/nl\/wp-json\/wp\/v2\/media?parent=8297"}],"curies":[{"name":"wp","href":"https:\/\/api.w.org\/{rel}","templated":true}]}}