{"id":8588,"date":"2021-09-28T17:04:11","date_gmt":"2021-09-28T15:04:11","guid":{"rendered":"https:\/\/www.campingdelileverte.com\/verhuur-stacaravan-saint-malo\/stacaravan-3-kamers\/louer-taos-prestige\/"},"modified":"2021-12-20T16:21:20","modified_gmt":"2021-12-20T15:21:20","slug":"residentie-taos-prestige","status":"publish","type":"page","link":"https:\/\/www.campingdelileverte.com\/nl\/verhuur-stacaravan-saint-malo\/stacaravan-3-kamers\/residentie-taos-prestige\/","title":{"rendered":"R\u00e9sidence Taos Prestige"},"content":{"rendered":"<section id=\"section-61533266a7ed7\"\" class=\"section bg-white\" \/><div class=\"container\"><h1 class=\"element section-title center color4\">Residentie Taos Prestige<\/h1><\/div><\/section>\n\n<section id=\"section-6156ff2757987\"\" class=\"section bg-white p-t-0 p-b-0\" \/><div class=\"container\"><div class=\"element bloc-text\">\n\t<script>\r\n    window.ctoutvert = {\r\n\t\tid: 5223, \r\n\t\tlang: 'auto', \r\n\t\turl: 'https:\/\/bookingpremium.secureholiday.net\/widgets\/'\r\n    };\r\n\r\n    (function (w, d, s, ctv, r, js, fjs) {\r\n        r=new XMLHttpRequest();r.open('GET',w[ctv].url+'js\/src.json');\r\n        r.responseType='json';r.json=true;r.send();\r\n        r.onload=function(){w[ctv].src=r.responseType=='json'?r.response:JSON.parse(r.response);\r\n        js.src=w[ctv].src[0];fjs.parentNode.insertBefore(js, fjs);}\r\n        js=d.createElement(s),fjs=d.getElementsByTagName(s)[0];\r\n        js.id='ctvwidget';js.async=1;\r\n    }(window, document, 'script', 'ctoutvert'));\r\n<\/script>\r\n<ctv-product data-product-id='64836' data-full='true' ><\/ctv-product><\/div><\/div><\/section>\n\n<section id=\"section-61533266a8144\"\" class=\"section bg-white p-t-0\" \/><div class=\"container extralarge\"><div class=\"element bloc-text left \">\n\t<p>Voor campingvakanties in Saint-Malo biedt de 4-sterren camping Ile Verte comfortabele accommodatie. De Residence TAOS Prestige, model 2014, is een ruime stacaravan van de nieuwe generatie (38 m\u00b2) die u zal verleiden met zijn moderne ontwerp en zijn comfort.<br \/>\nDe Taos heeft 3 slaapkamers en is geschikt voor maximaal 6 personen. De master suite, zeer ruim, heeft een tweepersoonsbed 160 \u00d7 200, een badkamer met douche 120 \u00d7 90 en een toilet. De tweede slaapkamer heeft twee bedden 80 \u00d7 190 naast elkaar en de derde slaapkamer 2 stapelbedden van 80 \u00d7 190. Deze 2 slaapkamers communiceren met de tweede badkamer met douche, wastafel en toilet. Dekbedden, matrasbeschermers en kussens zijn aanwezig voor alle slaapplaatsen. Een babybedje is beschikbaar op reservering en tegen een toeslag. Alle kamers hebben elektrische verwarming.<br \/>\nDe keuken is uitgerust met een koelkast \/ vriezer, een vaatwasser, een 4-pits kookplaat, een magnetron, een afzuigkap, een koffiezetapparaat, een waterkoker, een broodrooster en een individuele barbecue. U zult de talrijke opruiming waarderen.<br \/>\nDe stacaravan is uitgerust met een tv en WiFi is beschikbaar (pakketten te koop bij de receptie).<br \/>\nU zult genieten van het zeer grote terras met tuinmeubelen en ligstoelen. Een plaats voor een voertuig is beschikbaar op de site.<br \/>\nVan 8 juli tot 26 augustus zijn de schoonmaakkosten inbegrepen in de huurprijs.<br \/>\n+punt\u00a0: de ruimte, design\u2026 de Taos is de Top\u00a0!<br \/>\nEen nieuwe generatie stacaravan die u zal verleiden door zijn moderniteit, ruimte, design en zijn comfort\u2026<br \/>\nMet een totale oppervlakte van 38m2 , beschikt deze over 4 ruimtes (badkamer en WC niet inbegrepen). Met zijn 3 aparte kamers, kan de residentie TAOS Prestige tot aan 6 personen ontvangen. De master bedroom heeft een dubbelbed van 160\u00d7200, een priv\u00e9 badkamer, een WC.<\/p>\n<p>Electrische chauffage in elke ruimte.<\/p>\n<\/div><\/div><\/section>\n\n<section id=\"section-61533266a83bd\"\" class=\"section bg-white p-t-0 p-b-0\" \/><div class=\"container extralarge\"><div class=\"element section-title center color2 titre-cta\">Andere verhuur van stacaravans in Saint Malo<\/div><div class=\"element bloc-text left \">\n\t<p>Bekijk ook :<\/p>\n<ul>\n<li><a href=\"https:\/\/www.campingdelileverte.com\/nl\/verhuur-stacaravan-saint-malo\/\">Verhuur van stacaravans Ille et Vilaine<\/a><\/li>\n<li><a href=\"https:\/\/www.campingdelileverte.com\/nl\/verhuur-stacaravan-saint-malo\/stacaravan-3-kamers\/\">Stacaravan Ille et Vilaine met 3 slaapkamers<\/a><\/li>\n<\/ul>\n<\/div><\/div><\/section>\n\n<section id=\"section-61533266a87aa\"\" class=\"section bg-white\" \/><div class=\"container extralarge\"><div class=\"element section-title center titre-cta\">Ontdek onze huuraccommodaties<\/div><ul class=\"liste-de-page\"><li class=\"element call-to-action carre call-to-action--style-1 call-to-action--big\"><a href=\"https:\/\/www.campingdelileverte.com\/nl\/tarieven-en-reservatie\/\"  class=\"call-to-action_link\" title=\"En savoir plus sur tarieven en reservatie\"><div class=\"call-to-action_image\"><img decoding=\"async\" src=\"https:\/\/www.campingdelileverte.com\/wp-content\/uploads\/2021\/11\/camping-pas-cher-saint-benoit-des-ondes-100x37.jpg\" data-src=\"https:\/\/www.campingdelileverte.com\/wp-content\/uploads\/2021\/11\/camping-pas-cher-saint-benoit-des-ondes.jpg\" alt=\"camping pas cher saint benoit des ondes\" class=\"big\" \/><\/div><div class=\"call-to-action_contenu\"><div class=\"call-to-action_titre\">Tarieven en reservatie<\/div><\/div><\/a><\/li><li class=\"element call-to-action carre call-to-action--style-1 call-to-action--big call-to-action--style-1 call-to-action--big\"><a href=\"https:\/\/www.campingdelileverte.com\/nl\/chalets-en-bungalows\/\"  class=\"call-to-action_link\" title=\"En savoir plus sur chalet en bungalow\"><div class=\"call-to-action_image\"><img decoding=\"async\" src=\"https:\/\/www.campingdelileverte.com\/wp-content\/uploads\/2021\/08\/LODGE-EXTERIEUR-2023-exterieur-100x67.jpg\" data-src=\"https:\/\/www.campingdelileverte.com\/wp-content\/uploads\/2021\/08\/LODGE-EXTERIEUR-2023-exterieur.jpg\" alt=\"\" class=\"big\" \/><\/div><div class=\"call-to-action_contenu\"><div class=\"call-to-action_titre\">Chalet en Bungalow<\/div><\/div><\/a><\/li><li class=\"element call-to-action carre call-to-action--style-1 call-to-action--big call-to-action--style-1 call-to-action--big call-to-action--style-1 call-to-action--big\"><a href=\"https:\/\/www.campingdelileverte.com\/nl\/verhuur-stacaravan-saint-malo\/stacaravans-met-spa\/\"  class=\"call-to-action_link\" title=\"En savoir plus sur stacaravans met spa\"><div class=\"call-to-action_image\"><img decoding=\"async\" src=\"https:\/\/www.campingdelileverte.com\/wp-content\/uploads\/2021\/10\/camping-location-mobil-home-spa-saint-malo-100x37.jpg\" data-src=\"https:\/\/www.campingdelileverte.com\/wp-content\/uploads\/2021\/10\/camping-location-mobil-home-spa-saint-malo.jpg\" alt=\"camping location mobil home spa saint malo\" class=\"big\" \/><\/div><div class=\"call-to-action_contenu\"><div class=\"call-to-action_titre\">Stacaravans met spa<\/div><\/div><\/a><\/li><\/ul><\/div><\/section>","protected":false},"excerpt":{"rendered":"","protected":false},"author":1,"featured_media":8589,"parent":8571,"menu_order":0,"comment_status":"closed","ping_status":"closed","template":"","meta":{"_acf_changed":false,"footnotes":""},"class_list":["post-8588","page","type-page","status-publish","has-post-thumbnail","hentry"],"acf":[],"yoast_head":"<!-- This site is optimized with the Yoast SEO plugin v25.3 - https:\/\/yoast.com\/wordpress\/plugins\/seo\/ -->\n<title>Residentie Taos Prestige -Verhuur in de buurt van Saint-Malo<\/title>\n<meta name=\"robots\" content=\"index, follow, max-snippet:-1, max-image-preview:large, max-video-preview:-1\" \/>\n<link rel=\"canonical\" href=\"https:\/\/www.campingdelileverte.com\/nl\/verhuur-stacaravan-saint-malo\/stacaravan-3-kamers\/residentie-taos-prestige\/\" \/>\n<meta property=\"og:locale\" content=\"nl_NL\" \/>\n<meta property=\"og:type\" content=\"article\" \/>\n<meta property=\"og:title\" content=\"Residentie Taos Prestige -Verhuur in de buurt van Saint-Malo\" \/>\n<meta property=\"og:url\" content=\"https:\/\/www.campingdelileverte.com\/nl\/verhuur-stacaravan-saint-malo\/stacaravan-3-kamers\/residentie-taos-prestige\/\" \/>\n<meta property=\"og:site_name\" content=\"Camping Ile Verte\" \/>\n<meta property=\"article:modified_time\" content=\"2021-12-20T15:21:20+00:00\" \/>\n<meta property=\"og:image\" content=\"https:\/\/www.campingdelileverte.com\/wp-content\/uploads\/2021\/10\/camping-location-residence-taos-spa-cancale.jpg\" \/>\n\t<meta property=\"og:image:width\" content=\"1900\" \/>\n\t<meta property=\"og:image:height\" content=\"700\" \/>\n\t<meta property=\"og:image:type\" content=\"image\/jpeg\" \/>\n<meta name=\"twitter:card\" content=\"summary_large_image\" \/>\n<script type=\"application\/ld+json\" class=\"yoast-schema-graph\">{\"@context\":\"https:\/\/schema.org\",\"@graph\":[{\"@type\":\"WebPage\",\"@id\":\"https:\/\/www.campingdelileverte.com\/nl\/verhuur-stacaravan-saint-malo\/stacaravan-3-kamers\/residentie-taos-prestige\/\",\"url\":\"https:\/\/www.campingdelileverte.com\/nl\/verhuur-stacaravan-saint-malo\/stacaravan-3-kamers\/residentie-taos-prestige\/\",\"name\":\"Residentie Taos Prestige -Verhuur in de buurt van Saint-Malo\",\"isPartOf\":{\"@id\":\"https:\/\/www.campingdelileverte.com\/nl\/#website\"},\"primaryImageOfPage\":{\"@id\":\"https:\/\/www.campingdelileverte.com\/nl\/verhuur-stacaravan-saint-malo\/stacaravan-3-kamers\/residentie-taos-prestige\/#primaryimage\"},\"image\":{\"@id\":\"https:\/\/www.campingdelileverte.com\/nl\/verhuur-stacaravan-saint-malo\/stacaravan-3-kamers\/residentie-taos-prestige\/#primaryimage\"},\"thumbnailUrl\":\"https:\/\/www.campingdelileverte.com\/wp-content\/uploads\/2021\/10\/camping-location-residence-taos-spa-cancale.jpg\",\"datePublished\":\"2021-09-28T15:04:11+00:00\",\"dateModified\":\"2021-12-20T15:21:20+00:00\",\"breadcrumb\":{\"@id\":\"https:\/\/www.campingdelileverte.com\/nl\/verhuur-stacaravan-saint-malo\/stacaravan-3-kamers\/residentie-taos-prestige\/#breadcrumb\"},\"inLanguage\":\"nl-NL\",\"potentialAction\":[{\"@type\":\"ReadAction\",\"target\":[\"https:\/\/www.campingdelileverte.com\/nl\/verhuur-stacaravan-saint-malo\/stacaravan-3-kamers\/residentie-taos-prestige\/\"]}]},{\"@type\":\"ImageObject\",\"inLanguage\":\"nl-NL\",\"@id\":\"https:\/\/www.campingdelileverte.com\/nl\/verhuur-stacaravan-saint-malo\/stacaravan-3-kamers\/residentie-taos-prestige\/#primaryimage\",\"url\":\"https:\/\/www.campingdelileverte.com\/wp-content\/uploads\/2021\/10\/camping-location-residence-taos-spa-cancale.jpg\",\"contentUrl\":\"https:\/\/www.campingdelileverte.com\/wp-content\/uploads\/2021\/10\/camping-location-residence-taos-spa-cancale.jpg\",\"width\":1900,\"height\":700,\"caption\":\"camping location residence taos spa saint malo\"},{\"@type\":\"BreadcrumbList\",\"@id\":\"https:\/\/www.campingdelileverte.com\/nl\/verhuur-stacaravan-saint-malo\/stacaravan-3-kamers\/residentie-taos-prestige\/#breadcrumb\",\"itemListElement\":[{\"@type\":\"ListItem\",\"position\":1,\"name\":\"Camping Saint Malo\",\"item\":\"https:\/\/www.campingdelileverte.com\/nl\/\"},{\"@type\":\"ListItem\",\"position\":2,\"name\":\"Stacaravan verhuur Saint Malo\",\"item\":\"https:\/\/www.campingdelileverte.com\/nl\/verhuur-stacaravan-saint-malo\/\"},{\"@type\":\"ListItem\",\"position\":3,\"name\":\"Stacaravan 3 kamers\",\"item\":\"https:\/\/www.campingdelileverte.com\/nl\/verhuur-stacaravan-saint-malo\/stacaravan-3-kamers\/\"},{\"@type\":\"ListItem\",\"position\":4,\"name\":\"Residentie Taos Prestige\"}]},{\"@type\":\"WebSite\",\"@id\":\"https:\/\/www.campingdelileverte.com\/nl\/#website\",\"url\":\"https:\/\/www.campingdelileverte.com\/nl\/\",\"name\":\"Camping Ile Verte\",\"description\":\"\",\"publisher\":{\"@id\":\"https:\/\/www.campingdelileverte.com\/nl\/#organization\"},\"potentialAction\":[{\"@type\":\"SearchAction\",\"target\":{\"@type\":\"EntryPoint\",\"urlTemplate\":\"https:\/\/www.campingdelileverte.com\/nl\/?s={search_term_string}\"},\"query-input\":{\"@type\":\"PropertyValueSpecification\",\"valueRequired\":true,\"valueName\":\"search_term_string\"}}],\"inLanguage\":\"nl-NL\"},{\"@type\":\"Organization\",\"@id\":\"https:\/\/www.campingdelileverte.com\/nl\/#organization\",\"name\":\"Camping Ile Verte\",\"url\":\"https:\/\/www.campingdelileverte.com\/nl\/\",\"logo\":{\"@type\":\"ImageObject\",\"inLanguage\":\"nl-NL\",\"@id\":\"https:\/\/www.campingdelileverte.com\/nl\/#\/schema\/logo\/image\/\",\"url\":\"https:\/\/www.campingdelileverte.com\/wp-content\/uploads\/2021\/08\/camping-saint-malo.png\",\"contentUrl\":\"https:\/\/www.campingdelileverte.com\/wp-content\/uploads\/2021\/08\/camping-saint-malo.png\",\"width\":370,\"height\":264,\"caption\":\"Camping Ile Verte\"},\"image\":{\"@id\":\"https:\/\/www.campingdelileverte.com\/nl\/#\/schema\/logo\/image\/\"}}]}<\/script>\n<!-- \/ Yoast SEO plugin. -->","yoast_head_json":{"title":"Residentie Taos Prestige -Verhuur in de buurt van Saint-Malo","robots":{"index":"index","follow":"follow","max-snippet":"max-snippet:-1","max-image-preview":"max-image-preview:large","max-video-preview":"max-video-preview:-1"},"canonical":"https:\/\/www.campingdelileverte.com\/nl\/verhuur-stacaravan-saint-malo\/stacaravan-3-kamers\/residentie-taos-prestige\/","og_locale":"nl_NL","og_type":"article","og_title":"Residentie Taos Prestige -Verhuur in de buurt van Saint-Malo","og_url":"https:\/\/www.campingdelileverte.com\/nl\/verhuur-stacaravan-saint-malo\/stacaravan-3-kamers\/residentie-taos-prestige\/","og_site_name":"Camping Ile Verte","article_modified_time":"2021-12-20T15:21:20+00:00","og_image":[{"width":1900,"height":700,"url":"https:\/\/www.campingdelileverte.com\/wp-content\/uploads\/2021\/10\/camping-location-residence-taos-spa-cancale.jpg","type":"image\/jpeg"}],"twitter_card":"summary_large_image","schema":{"@context":"https:\/\/schema.org","@graph":[{"@type":"WebPage","@id":"https:\/\/www.campingdelileverte.com\/nl\/verhuur-stacaravan-saint-malo\/stacaravan-3-kamers\/residentie-taos-prestige\/","url":"https:\/\/www.campingdelileverte.com\/nl\/verhuur-stacaravan-saint-malo\/stacaravan-3-kamers\/residentie-taos-prestige\/","name":"Residentie Taos Prestige -Verhuur in de buurt van Saint-Malo","isPartOf":{"@id":"https:\/\/www.campingdelileverte.com\/nl\/#website"},"primaryImageOfPage":{"@id":"https:\/\/www.campingdelileverte.com\/nl\/verhuur-stacaravan-saint-malo\/stacaravan-3-kamers\/residentie-taos-prestige\/#primaryimage"},"image":{"@id":"https:\/\/www.campingdelileverte.com\/nl\/verhuur-stacaravan-saint-malo\/stacaravan-3-kamers\/residentie-taos-prestige\/#primaryimage"},"thumbnailUrl":"https:\/\/www.campingdelileverte.com\/wp-content\/uploads\/2021\/10\/camping-location-residence-taos-spa-cancale.jpg","datePublished":"2021-09-28T15:04:11+00:00","dateModified":"2021-12-20T15:21:20+00:00","breadcrumb":{"@id":"https:\/\/www.campingdelileverte.com\/nl\/verhuur-stacaravan-saint-malo\/stacaravan-3-kamers\/residentie-taos-prestige\/#breadcrumb"},"inLanguage":"nl-NL","potentialAction":[{"@type":"ReadAction","target":["https:\/\/www.campingdelileverte.com\/nl\/verhuur-stacaravan-saint-malo\/stacaravan-3-kamers\/residentie-taos-prestige\/"]}]},{"@type":"ImageObject","inLanguage":"nl-NL","@id":"https:\/\/www.campingdelileverte.com\/nl\/verhuur-stacaravan-saint-malo\/stacaravan-3-kamers\/residentie-taos-prestige\/#primaryimage","url":"https:\/\/www.campingdelileverte.com\/wp-content\/uploads\/2021\/10\/camping-location-residence-taos-spa-cancale.jpg","contentUrl":"https:\/\/www.campingdelileverte.com\/wp-content\/uploads\/2021\/10\/camping-location-residence-taos-spa-cancale.jpg","width":1900,"height":700,"caption":"camping location residence taos spa saint malo"},{"@type":"BreadcrumbList","@id":"https:\/\/www.campingdelileverte.com\/nl\/verhuur-stacaravan-saint-malo\/stacaravan-3-kamers\/residentie-taos-prestige\/#breadcrumb","itemListElement":[{"@type":"ListItem","position":1,"name":"Camping Saint Malo","item":"https:\/\/www.campingdelileverte.com\/nl\/"},{"@type":"ListItem","position":2,"name":"Stacaravan verhuur Saint Malo","item":"https:\/\/www.campingdelileverte.com\/nl\/verhuur-stacaravan-saint-malo\/"},{"@type":"ListItem","position":3,"name":"Stacaravan 3 kamers","item":"https:\/\/www.campingdelileverte.com\/nl\/verhuur-stacaravan-saint-malo\/stacaravan-3-kamers\/"},{"@type":"ListItem","position":4,"name":"Residentie Taos Prestige"}]},{"@type":"WebSite","@id":"https:\/\/www.campingdelileverte.com\/nl\/#website","url":"https:\/\/www.campingdelileverte.com\/nl\/","name":"Camping Ile Verte","description":"","publisher":{"@id":"https:\/\/www.campingdelileverte.com\/nl\/#organization"},"potentialAction":[{"@type":"SearchAction","target":{"@type":"EntryPoint","urlTemplate":"https:\/\/www.campingdelileverte.com\/nl\/?s={search_term_string}"},"query-input":{"@type":"PropertyValueSpecification","valueRequired":true,"valueName":"search_term_string"}}],"inLanguage":"nl-NL"},{"@type":"Organization","@id":"https:\/\/www.campingdelileverte.com\/nl\/#organization","name":"Camping Ile Verte","url":"https:\/\/www.campingdelileverte.com\/nl\/","logo":{"@type":"ImageObject","inLanguage":"nl-NL","@id":"https:\/\/www.campingdelileverte.com\/nl\/#\/schema\/logo\/image\/","url":"https:\/\/www.campingdelileverte.com\/wp-content\/uploads\/2021\/08\/camping-saint-malo.png","contentUrl":"https:\/\/www.campingdelileverte.com\/wp-content\/uploads\/2021\/08\/camping-saint-malo.png","width":370,"height":264,"caption":"Camping Ile Verte"},"image":{"@id":"https:\/\/www.campingdelileverte.com\/nl\/#\/schema\/logo\/image\/"}}]}},"_links":{"self":[{"href":"https:\/\/www.campingdelileverte.com\/nl\/wp-json\/wp\/v2\/pages\/8588","targetHints":{"allow":["GET"]}}],"collection":[{"href":"https:\/\/www.campingdelileverte.com\/nl\/wp-json\/wp\/v2\/pages"}],"about":[{"href":"https:\/\/www.campingdelileverte.com\/nl\/wp-json\/wp\/v2\/types\/page"}],"author":[{"embeddable":true,"href":"https:\/\/www.campingdelileverte.com\/nl\/wp-json\/wp\/v2\/users\/1"}],"replies":[{"embeddable":true,"href":"https:\/\/www.campingdelileverte.com\/nl\/wp-json\/wp\/v2\/comments?post=8588"}],"version-history":[{"count":6,"href":"https:\/\/www.campingdelileverte.com\/nl\/wp-json\/wp\/v2\/pages\/8588\/revisions"}],"predecessor-version":[{"id":9541,"href":"https:\/\/www.campingdelileverte.com\/nl\/wp-json\/wp\/v2\/pages\/8588\/revisions\/9541"}],"up":[{"embeddable":true,"href":"https:\/\/www.campingdelileverte.com\/nl\/wp-json\/wp\/v2\/pages\/8571"}],"wp:featuredmedia":[{"embeddable":true,"href":"https:\/\/www.campingdelileverte.com\/nl\/wp-json\/wp\/v2\/media\/8589"}],"wp:attachment":[{"href":"https:\/\/www.campingdelileverte.com\/nl\/wp-json\/wp\/v2\/media?parent=8588"}],"curies":[{"name":"wp","href":"https:\/\/api.w.org\/{rel}","templated":true}]}}